{"id":432,"date":"2016-05-23T16:04:22","date_gmt":"2016-05-23T15:04:22","guid":{"rendered":"https:\/\/www.halleauxgrains.com\/site\/?page_id=432"},"modified":"2026-03-26T10:47:48","modified_gmt":"2026-03-26T09:47:48","slug":"tarifs-abonnements-et-formules","status":"publish","type":"page","link":"https:\/\/www.halleauxgrains.com\/site\/tarifs-abonnements-et-formules\/","title":{"rendered":"TARIFS"},"content":{"rendered":"\n<p class=\"has-text-align-center\">Ils sont mentionn\u00e9s sur chaque page.<br>Tous les spectacles pre\u0301sente\u0301s dans l\u2019he\u0301micycle de la Halle aux grains sont nume\u0301rote\u0301s, sauf mention sp\u00e9ciale \u00ab\u00a0PLACEMENT LIBRE\u00a0\u00bb.<br>&gt;&gt;&gt; <a href=\"http:\/\/www.halleauxgrains.com\/2023\/plan_de_salle.pdf\">voir le plan de salle de l&rsquo;h\u00e9micycle<\/a> &lt;&lt;&lt;<\/p>\n\n\n\n<div style=\"height:30px\" aria-hidden=\"true\" class=\"wp-block-spacer\"><\/div>\n\n\n\n<h3 class=\"wp-block-heading has-text-color has-link-color wp-elements-6800ec113f34cf94736c0ee24a5a0449\" style=\"color:#00963d\">ADH\u00c9SION INDIVIDUELLE<\/h3>\n\n\n\n<p>Soutenez la Sc\u00e8ne nationale de Blois et b\u00e9n\u00e9ficiez du tarif adh\u00e9rent d\u00e8s le 1er spectacle et tout au long de l\u2019ann\u00e9e.<\/p>\n\n\n\n<p class=\"has-text-color has-link-color wp-elements-bb09de8920dc898d50011b63552c70df\" style=\"color:#838894\"><strong>Montant de l\u2019adh\u00e9sion : 10\u20ac<\/strong><\/p>\n\n\n\n<hr class=\"wp-block-separator has-css-opacity aligncenter is-style-default\"\/>\n\n\n\n<h3 class=\"wp-block-heading has-text-color has-link-color wp-elements-a1fce6f7a9a1e4a7ab375035d7429ef2\" style=\"color:#00963d\">TARIF PLEIN :<\/h3>\n\n\n\n<p>Pour toute personne n&rsquo;\u00e9tant pas adh\u00e9rente et ne b\u00e9n\u00e9ficiant d\u2019aucun tarif sp\u00e9cifique (voir ci-dessous).<\/p>\n\n\n\n<hr class=\"wp-block-separator has-css-opacity aligncenter is-style-default\"\/>\n\n\n\n<p class=\"has-text-color\" style=\"color:#00963d\"><strong>TARIF R\u00c9DUIT+<\/strong> :<\/p>\n\n\n\n<p>Propos\u00e9 aux b\u00e9n\u00e9ficiaires de l&rsquo;allocation d&rsquo;aire au retour \u00e0 l&#8217;emploi (ARE) sur pr\u00e9sentation d\u2019un justificatif (-3 mois).<\/p>\n\n\n\n<p class=\"has-text-color\" style=\"color:#00963d\"><strong>TARIF JEUNE<\/strong> :<\/p>\n\n\n\n<p>Propos\u00e9 aux moins de 27 ans sur pr\u00e9sentation d\u2019un justificatif.<br>Disponible sur la plateforme &gt;<a href=\"https:\/\/pass.culture.fr\/\" target=\"_blank\" rel=\"noreferrer noopener\">PASS CULTURE<\/a><\/p>\n\n\n\n<p class=\"has-text-color\" style=\"color:#00963d\"><strong>TARIF DERNI\u00c8RE MINUTE (\u2013 27 ANS)<\/strong> :<\/p>\n\n\n\n<p>15mn avant le d\u00e9but de chaque repr\u00e9sentation, <strong>demandez une place \u00e0 5\u20ac !<\/strong> (dans la limite des places disponibles).<\/p>\n\n\n\n<p class=\"has-text-color\" style=\"color:#00963d\"><strong>TARIF PCE<\/strong> :<\/p>\n\n\n\n<p>Pour les d\u00e9tenteurs du Passeport Culturel \u00e9tudiant<\/p>\n\n\n\n<p class=\"has-text-color\" style=\"color:#00963d\"><strong>TARIF SOLIDAIRE<\/strong><\/p>\n\n\n\n<p>Pour les b\u00e9n\u00e9ficiaires des minima sociaux (RSA, AAH, AMV, ASS, ATA) sur pr\u00e9sentation d\u2019un justificatif (\u2013 3 mois).<\/p>\n\n\n\n<p class=\"has-text-color\" style=\"color:#00963d\"><strong>PASS VILLE DE BLOIS<\/strong><\/p>\n\n\n\n<p>Pour les de\u0301tenteurs du Pass, des avantages tarifaires sur certains spectacles sont communique\u0301s dans le Blois mag et\/ou dans la newsletter de la ville.<\/p>\n\n\n\n<div style=\"height:20px\" aria-hidden=\"true\" class=\"wp-block-spacer\"><\/div>\n","protected":false},"excerpt":{"rendered":"<p>Ils sont mentionn\u00e9s sur chaque page.Tous les spectacles pre\u0301sente\u0301s dans l\u2019he\u0301micycle de la Halle aux grains sont nume\u0301rote\u0301s, sauf mention sp\u00e9ciale \u00ab\u00a0PLACEMENT LIBRE\u00a0\u00bb.&gt;&gt;&gt; voir le plan de salle de l&rsquo;h\u00e9micycle &lt;&lt;&lt; ADH\u00c9SION INDIVIDUELLE Soutenez la Sc\u00e8ne nationale de Blois et b\u00e9n\u00e9ficiez du tarif adh\u00e9rent d\u00e8s le 1er spectacle et tout au long de l\u2019ann\u00e9e. Montant &hellip; <a href=\"https:\/\/www.halleauxgrains.com\/site\/tarifs-abonnements-et-formules\/\" class=\"more-link\">Continue reading <span class=\"screen-reader-text\">TARIFS<\/span><\/a><\/p>\n","protected":false},"author":2,"featured_media":0,"parent":0,"menu_order":4,"comment_status":"closed","ping_status":"closed","template":"","meta":{"footnotes":""},"acf":[],"yoast_head":"<!-- This site is optimized with the Yoast SEO plugin v21.6 - https:\/\/yoast.com\/wordpress\/plugins\/seo\/ -->\n<title>TARIFS - Halle aux grains | Sc\u00e8ne nationale de Blois<\/title>\n<meta name=\"robots\" content=\"index, follow, max-snippet:-1, max-image-preview:large, max-video-preview:-1\" \/>\n<link rel=\"canonical\" href=\"https:\/\/www.halleauxgrains.com\/site\/tarifs-abonnements-et-formules\/\" \/>\n<meta property=\"og:locale\" content=\"fr_FR\" \/>\n<meta property=\"og:type\" content=\"article\" \/>\n<meta property=\"og:title\" content=\"TARIFS - Halle aux grains | Sc\u00e8ne nationale de Blois\" \/>\n<meta property=\"og:description\" content=\"Ils sont mentionn\u00e9s sur chaque page.Tous les spectacles pre\u0301sente\u0301s dans l\u2019he\u0301micycle de la Halle aux grains sont nume\u0301rote\u0301s, sauf mention sp\u00e9ciale \u00ab\u00a0PLACEMENT LIBRE\u00a0\u00bb.&gt;&gt;&gt; voir le plan de salle de l&rsquo;h\u00e9micycle &lt;&lt;&lt; ADH\u00c9SION INDIVIDUELLE Soutenez la Sc\u00e8ne nationale de Blois et b\u00e9n\u00e9ficiez du tarif adh\u00e9rent d\u00e8s le 1er spectacle et tout au long de l\u2019ann\u00e9e. Montant &hellip; Continue reading TARIFS\" \/>\n<meta property=\"og:url\" content=\"https:\/\/www.halleauxgrains.com\/site\/tarifs-abonnements-et-formules\/\" \/>\n<meta property=\"og:site_name\" content=\"Halle aux grains | Sc\u00e8ne nationale de Blois\" \/>\n<meta property=\"article:publisher\" content=\"https:\/\/www.facebook.com\/scenenationaledeblois\" \/>\n<meta property=\"article:modified_time\" content=\"2026-03-26T09:47:48+00:00\" \/>\n<meta property=\"og:image\" content=\"https:\/\/www.halleauxgrains.com\/site\/wp-content\/uploads\/2025\/05\/Header-NL230525-VisuelSaison.jpg\" \/>\n\t<meta property=\"og:image:width\" content=\"660\" \/>\n\t<meta property=\"og:image:height\" content=\"365\" \/>\n\t<meta property=\"og:image:type\" content=\"image\/jpeg\" \/>\n<meta name=\"twitter:card\" content=\"summary_large_image\" \/>\n<meta name=\"twitter:label1\" content=\"Dur\u00e9e de lecture estim\u00e9e\" \/>\n\t<meta name=\"twitter:data1\" content=\"1 minute\" \/>\n<script type=\"application\/ld+json\" class=\"yoast-schema-graph\">{\"@context\":\"https:\/\/schema.org\",\"@graph\":[{\"@type\":\"WebPage\",\"@id\":\"https:\/\/www.halleauxgrains.com\/site\/tarifs-abonnements-et-formules\/\",\"url\":\"https:\/\/www.halleauxgrains.com\/site\/tarifs-abonnements-et-formules\/\",\"name\":\"TARIFS - Halle aux grains | Sc\u00e8ne nationale de Blois\",\"isPartOf\":{\"@id\":\"https:\/\/www.halleauxgrains.com\/site\/#website\"},\"datePublished\":\"2016-05-23T15:04:22+00:00\",\"dateModified\":\"2026-03-26T09:47:48+00:00\",\"breadcrumb\":{\"@id\":\"https:\/\/www.halleauxgrains.com\/site\/tarifs-abonnements-et-formules\/#breadcrumb\"},\"inLanguage\":\"fr-FR\",\"potentialAction\":[{\"@type\":\"ReadAction\",\"target\":[\"https:\/\/www.halleauxgrains.com\/site\/tarifs-abonnements-et-formules\/\"]}]},{\"@type\":\"BreadcrumbList\",\"@id\":\"https:\/\/www.halleauxgrains.com\/site\/tarifs-abonnements-et-formules\/#breadcrumb\",\"itemListElement\":[{\"@type\":\"ListItem\",\"position\":1,\"name\":\"Accueil\",\"item\":\"https:\/\/www.halleauxgrains.com\/site\/\"},{\"@type\":\"ListItem\",\"position\":2,\"name\":\"TARIFS\"}]},{\"@type\":\"WebSite\",\"@id\":\"https:\/\/www.halleauxgrains.com\/site\/#website\",\"url\":\"https:\/\/www.halleauxgrains.com\/site\/\",\"name\":\"Halle aux grains | Sc\u00e8ne nationale de Blois\",\"description\":\"\",\"publisher\":{\"@id\":\"https:\/\/www.halleauxgrains.com\/site\/#organization\"},\"potentialAction\":[{\"@type\":\"SearchAction\",\"target\":{\"@type\":\"EntryPoint\",\"urlTemplate\":\"https:\/\/www.halleauxgrains.com\/site\/?s={search_term_string}\"},\"query-input\":\"required name=search_term_string\"}],\"inLanguage\":\"fr-FR\"},{\"@type\":\"Organization\",\"@id\":\"https:\/\/www.halleauxgrains.com\/site\/#organization\",\"name\":\"Halle aux grains | Sc\u00e8ne nationale de Blois\",\"url\":\"https:\/\/www.halleauxgrains.com\/site\/\",\"logo\":{\"@type\":\"ImageObject\",\"inLanguage\":\"fr-FR\",\"@id\":\"https:\/\/www.halleauxgrains.com\/site\/#\/schema\/logo\/image\/\",\"url\":\"https:\/\/www.halleauxgrains.com\/site\/wp-content\/uploads\/2025\/05\/VisuelSiteAccueil.jpg\",\"contentUrl\":\"https:\/\/www.halleauxgrains.com\/site\/wp-content\/uploads\/2025\/05\/VisuelSiteAccueil.jpg\",\"width\":775,\"height\":775,\"caption\":\"Halle aux grains | Sc\u00e8ne nationale de Blois\"},\"image\":{\"@id\":\"https:\/\/www.halleauxgrains.com\/site\/#\/schema\/logo\/image\/\"},\"sameAs\":[\"https:\/\/www.facebook.com\/scenenationaledeblois\",\"https:\/\/www.instagram.com\/lahagscenenationaledeblois\",\"https:\/\/www.linkedin.com\/company\/la-halle-aux-grains-scene-nationale-de-blois\/\"]}]}<\/script>\n<!-- \/ Yoast SEO plugin. -->","yoast_head_json":{"title":"TARIFS - Halle aux grains | Sc\u00e8ne nationale de Blois","robots":{"index":"index","follow":"follow","max-snippet":"max-snippet:-1","max-image-preview":"max-image-preview:large","max-video-preview":"max-video-preview:-1"},"canonical":"https:\/\/www.halleauxgrains.com\/site\/tarifs-abonnements-et-formules\/","og_locale":"fr_FR","og_type":"article","og_title":"TARIFS - Halle aux grains | Sc\u00e8ne nationale de Blois","og_description":"Ils sont mentionn\u00e9s sur chaque page.Tous les spectacles pre\u0301sente\u0301s dans l\u2019he\u0301micycle de la Halle aux grains sont nume\u0301rote\u0301s, sauf mention sp\u00e9ciale \u00ab\u00a0PLACEMENT LIBRE\u00a0\u00bb.&gt;&gt;&gt; voir le plan de salle de l&rsquo;h\u00e9micycle &lt;&lt;&lt; ADH\u00c9SION INDIVIDUELLE Soutenez la Sc\u00e8ne nationale de Blois et b\u00e9n\u00e9ficiez du tarif adh\u00e9rent d\u00e8s le 1er spectacle et tout au long de l\u2019ann\u00e9e. Montant &hellip; Continue reading TARIFS","og_url":"https:\/\/www.halleauxgrains.com\/site\/tarifs-abonnements-et-formules\/","og_site_name":"Halle aux grains | Sc\u00e8ne nationale de Blois","article_publisher":"https:\/\/www.facebook.com\/scenenationaledeblois","article_modified_time":"2026-03-26T09:47:48+00:00","og_image":[{"width":660,"height":365,"url":"https:\/\/www.halleauxgrains.com\/site\/wp-content\/uploads\/2025\/05\/Header-NL230525-VisuelSaison.jpg","type":"image\/jpeg"}],"twitter_card":"summary_large_image","twitter_misc":{"Dur\u00e9e de lecture estim\u00e9e":"1 minute"},"schema":{"@context":"https:\/\/schema.org","@graph":[{"@type":"WebPage","@id":"https:\/\/www.halleauxgrains.com\/site\/tarifs-abonnements-et-formules\/","url":"https:\/\/www.halleauxgrains.com\/site\/tarifs-abonnements-et-formules\/","name":"TARIFS - Halle aux grains | Sc\u00e8ne nationale de Blois","isPartOf":{"@id":"https:\/\/www.halleauxgrains.com\/site\/#website"},"datePublished":"2016-05-23T15:04:22+00:00","dateModified":"2026-03-26T09:47:48+00:00","breadcrumb":{"@id":"https:\/\/www.halleauxgrains.com\/site\/tarifs-abonnements-et-formules\/#breadcrumb"},"inLanguage":"fr-FR","potentialAction":[{"@type":"ReadAction","target":["https:\/\/www.halleauxgrains.com\/site\/tarifs-abonnements-et-formules\/"]}]},{"@type":"BreadcrumbList","@id":"https:\/\/www.halleauxgrains.com\/site\/tarifs-abonnements-et-formules\/#breadcrumb","itemListElement":[{"@type":"ListItem","position":1,"name":"Accueil","item":"https:\/\/www.halleauxgrains.com\/site\/"},{"@type":"ListItem","position":2,"name":"TARIFS"}]},{"@type":"WebSite","@id":"https:\/\/www.halleauxgrains.com\/site\/#website","url":"https:\/\/www.halleauxgrains.com\/site\/","name":"Halle aux grains | Sc\u00e8ne nationale de Blois","description":"","publisher":{"@id":"https:\/\/www.halleauxgrains.com\/site\/#organization"},"potentialAction":[{"@type":"SearchAction","target":{"@type":"EntryPoint","urlTemplate":"https:\/\/www.halleauxgrains.com\/site\/?s={search_term_string}"},"query-input":"required name=search_term_string"}],"inLanguage":"fr-FR"},{"@type":"Organization","@id":"https:\/\/www.halleauxgrains.com\/site\/#organization","name":"Halle aux grains | Sc\u00e8ne nationale de Blois","url":"https:\/\/www.halleauxgrains.com\/site\/","logo":{"@type":"ImageObject","inLanguage":"fr-FR","@id":"https:\/\/www.halleauxgrains.com\/site\/#\/schema\/logo\/image\/","url":"https:\/\/www.halleauxgrains.com\/site\/wp-content\/uploads\/2025\/05\/VisuelSiteAccueil.jpg","contentUrl":"https:\/\/www.halleauxgrains.com\/site\/wp-content\/uploads\/2025\/05\/VisuelSiteAccueil.jpg","width":775,"height":775,"caption":"Halle aux grains | Sc\u00e8ne nationale de Blois"},"image":{"@id":"https:\/\/www.halleauxgrains.com\/site\/#\/schema\/logo\/image\/"},"sameAs":["https:\/\/www.facebook.com\/scenenationaledeblois","https:\/\/www.instagram.com\/lahagscenenationaledeblois","https:\/\/www.linkedin.com\/company\/la-halle-aux-grains-scene-nationale-de-blois\/"]}]}},"publishpress_future_action":{"enabled":false,"date":"1970-01-01 01:00:00","action":"","terms":[],"taxonomy":"","browser_timezone_offset":0},"_links":{"self":[{"href":"https:\/\/www.halleauxgrains.com\/site\/wp-json\/wp\/v2\/pages\/432"}],"collection":[{"href":"https:\/\/www.halleauxgrains.com\/site\/wp-json\/wp\/v2\/pages"}],"about":[{"href":"https:\/\/www.halleauxgrains.com\/site\/wp-json\/wp\/v2\/types\/page"}],"author":[{"embeddable":true,"href":"https:\/\/www.halleauxgrains.com\/site\/wp-json\/wp\/v2\/users\/2"}],"replies":[{"embeddable":true,"href":"https:\/\/www.halleauxgrains.com\/site\/wp-json\/wp\/v2\/comments?post=432"}],"version-history":[{"count":85,"href":"https:\/\/www.halleauxgrains.com\/site\/wp-json\/wp\/v2\/pages\/432\/revisions"}],"predecessor-version":[{"id":8274,"href":"https:\/\/www.halleauxgrains.com\/site\/wp-json\/wp\/v2\/pages\/432\/revisions\/8274"}],"wp:attachment":[{"href":"https:\/\/www.halleauxgrains.com\/site\/wp-json\/wp\/v2\/media?parent=432"}],"curies":[{"name":"wp","href":"https:\/\/api.w.org\/{rel}","templated":true}]}}