{"id":2633,"date":"2019-05-13T16:50:39","date_gmt":"2019-05-13T15:50:39","guid":{"rendered":"https:\/\/www.halleauxgrains.com\/site\/?page_id=2633"},"modified":"2021-01-11T14:49:49","modified_gmt":"2021-01-11T13:49:49","slug":"galerie-photo-de-lattrape-reve","status":"publish","type":"page","link":"https:\/\/www.halleauxgrains.com\/site\/galerie-photo-de-lattrape-reve\/","title":{"rendered":"GALERIE PHOTOS DE L&rsquo;ATTRAPE-R\u00caVE"},"content":{"rendered":"<figure id=\"attachment_2635\" aria-describedby=\"caption-attachment-2635\" style=\"width: 500px\" class=\"wp-caption aligncenter\"><img loading=\"lazy\" decoding=\"async\" class=\"wp-image-2635\" src=\"https:\/\/www.halleauxgrains.com\/site\/wp-content\/uploads\/2019\/05\/Blois-182.jpg\" alt=\"L'Attrape-r\u00eave \u00a9 Louiza Malki\" width=\"500\" height=\"333\" srcset=\"https:\/\/www.halleauxgrains.com\/site\/wp-content\/uploads\/2019\/05\/Blois-182.jpg 1417w, https:\/\/www.halleauxgrains.com\/site\/wp-content\/uploads\/2019\/05\/Blois-182-300x200.jpg 300w, https:\/\/www.halleauxgrains.com\/site\/wp-content\/uploads\/2019\/05\/Blois-182-768x512.jpg 768w, https:\/\/www.halleauxgrains.com\/site\/wp-content\/uploads\/2019\/05\/Blois-182-1024x683.jpg 1024w, https:\/\/www.halleauxgrains.com\/site\/wp-content\/uploads\/2019\/05\/Blois-182-1320x880.jpg 1320w\" sizes=\"(max-width: 500px) 100vw, 500px\" \/><figcaption id=\"caption-attachment-2635\" class=\"wp-caption-text\">\u00a9 Louiza Malki<\/figcaption><\/figure>\n<figure id=\"attachment_2634\" aria-describedby=\"caption-attachment-2634\" style=\"width: 500px\" class=\"wp-caption aligncenter\"><img loading=\"lazy\" decoding=\"async\" class=\" wp-image-2634\" src=\"https:\/\/www.halleauxgrains.com\/site\/wp-content\/uploads\/2019\/05\/Blois-7.jpg\" alt=\"L'Attrape-r\u00eave \u00a9 Louiza Malki\" width=\"500\" height=\"333\" srcset=\"https:\/\/www.halleauxgrains.com\/site\/wp-content\/uploads\/2019\/05\/Blois-7.jpg 1417w, https:\/\/www.halleauxgrains.com\/site\/wp-content\/uploads\/2019\/05\/Blois-7-300x200.jpg 300w, https:\/\/www.halleauxgrains.com\/site\/wp-content\/uploads\/2019\/05\/Blois-7-768x512.jpg 768w, https:\/\/www.halleauxgrains.com\/site\/wp-content\/uploads\/2019\/05\/Blois-7-1024x683.jpg 1024w, https:\/\/www.halleauxgrains.com\/site\/wp-content\/uploads\/2019\/05\/Blois-7-1320x880.jpg 1320w\" sizes=\"(max-width: 500px) 100vw, 500px\" \/><figcaption id=\"caption-attachment-2634\" class=\"wp-caption-text\">\u00a9 Louiza Malki<\/figcaption><\/figure>\n<figure id=\"attachment_2636\" aria-describedby=\"caption-attachment-2636\" style=\"width: 500px\" class=\"wp-caption aligncenter\"><img loading=\"lazy\" decoding=\"async\" class=\" wp-image-2636\" src=\"https:\/\/www.halleauxgrains.com\/site\/wp-content\/uploads\/2019\/05\/Blois-192.jpg\" alt=\"L'Attrape-r\u00eave \u00a9 Louiza Malki\" width=\"500\" height=\"333\" srcset=\"https:\/\/www.halleauxgrains.com\/site\/wp-content\/uploads\/2019\/05\/Blois-192.jpg 1417w, https:\/\/www.halleauxgrains.com\/site\/wp-content\/uploads\/2019\/05\/Blois-192-300x200.jpg 300w, https:\/\/www.halleauxgrains.com\/site\/wp-content\/uploads\/2019\/05\/Blois-192-768x512.jpg 768w, https:\/\/www.halleauxgrains.com\/site\/wp-content\/uploads\/2019\/05\/Blois-192-1024x683.jpg 1024w, https:\/\/www.halleauxgrains.com\/site\/wp-content\/uploads\/2019\/05\/Blois-192-1320x880.jpg 1320w\" sizes=\"(max-width: 500px) 100vw, 500px\" \/><figcaption id=\"caption-attachment-2636\" class=\"wp-caption-text\">\u00a9 Louiza Malki<\/figcaption><\/figure>\n<figure id=\"attachment_2645\" aria-describedby=\"caption-attachment-2645\" style=\"width: 500px\" class=\"wp-caption aligncenter\"><img loading=\"lazy\" decoding=\"async\" class=\" wp-image-2645\" src=\"https:\/\/www.halleauxgrains.com\/site\/wp-content\/uploads\/2019\/05\/Blois-96WEB.jpg\" alt=\"L'Attrape-r\u00eave \u00a9 Louiza Malki\" width=\"500\" height=\"333\" srcset=\"https:\/\/www.halleauxgrains.com\/site\/wp-content\/uploads\/2019\/05\/Blois-96WEB.jpg 1000w, https:\/\/www.halleauxgrains.com\/site\/wp-content\/uploads\/2019\/05\/Blois-96WEB-300x200.jpg 300w, https:\/\/www.halleauxgrains.com\/site\/wp-content\/uploads\/2019\/05\/Blois-96WEB-768x512.jpg 768w\" sizes=\"(max-width: 500px) 100vw, 500px\" \/><figcaption id=\"caption-attachment-2645\" class=\"wp-caption-text\">\u00a9 Louiza Malki<\/figcaption><\/figure>\n<figure id=\"attachment_2851\" aria-describedby=\"caption-attachment-2851\" style=\"width: 500px\" class=\"wp-caption aligncenter\"><img loading=\"lazy\" decoding=\"async\" class=\" wp-image-2851\" src=\"https:\/\/www.halleauxgrains.com\/site\/wp-content\/uploads\/2019\/05\/Bertrand_Vacarisas_1.jpg\" alt=\"L'Attrape-r\u00eave \u00a9 Bertrand Vacarisas\" width=\"500\" height=\"281\" srcset=\"https:\/\/www.halleauxgrains.com\/site\/wp-content\/uploads\/2019\/05\/Bertrand_Vacarisas_1.jpg 1920w, https:\/\/www.halleauxgrains.com\/site\/wp-content\/uploads\/2019\/05\/Bertrand_Vacarisas_1-300x169.jpg 300w, https:\/\/www.halleauxgrains.com\/site\/wp-content\/uploads\/2019\/05\/Bertrand_Vacarisas_1-768x432.jpg 768w, https:\/\/www.halleauxgrains.com\/site\/wp-content\/uploads\/2019\/05\/Bertrand_Vacarisas_1-1024x576.jpg 1024w, https:\/\/www.halleauxgrains.com\/site\/wp-content\/uploads\/2019\/05\/Bertrand_Vacarisas_1-1320x743.jpg 1320w\" sizes=\"(max-width: 500px) 100vw, 500px\" \/><figcaption id=\"caption-attachment-2851\" class=\"wp-caption-text\">\u00a9 Bertrand Vacarisas<\/figcaption><\/figure>\n<figure id=\"attachment_2850\" aria-describedby=\"caption-attachment-2850\" style=\"width: 500px\" class=\"wp-caption aligncenter\"><img loading=\"lazy\" decoding=\"async\" class=\" wp-image-2850\" src=\"https:\/\/www.halleauxgrains.com\/site\/wp-content\/uploads\/2019\/05\/Bertrand_Vacarisas_2.jpg\" alt=\"L'Attrape-r\u00eave \u00a9 Bertrand Vacarisas\" width=\"500\" height=\"282\" srcset=\"https:\/\/www.halleauxgrains.com\/site\/wp-content\/uploads\/2019\/05\/Bertrand_Vacarisas_2.jpg 1920w, https:\/\/www.halleauxgrains.com\/site\/wp-content\/uploads\/2019\/05\/Bertrand_Vacarisas_2-300x169.jpg 300w, https:\/\/www.halleauxgrains.com\/site\/wp-content\/uploads\/2019\/05\/Bertrand_Vacarisas_2-768x432.jpg 768w, https:\/\/www.halleauxgrains.com\/site\/wp-content\/uploads\/2019\/05\/Bertrand_Vacarisas_2-1024x576.jpg 1024w, https:\/\/www.halleauxgrains.com\/site\/wp-content\/uploads\/2019\/05\/Bertrand_Vacarisas_2-1320x743.jpg 1320w\" sizes=\"(max-width: 500px) 100vw, 500px\" \/><figcaption id=\"caption-attachment-2850\" class=\"wp-caption-text\">\u00a9 Bertrand Vacarisas<\/figcaption><\/figure>\n<figure id=\"attachment_2641\" aria-describedby=\"caption-attachment-2641\" style=\"width: 500px\" class=\"wp-caption aligncenter\"><img loading=\"lazy\" decoding=\"async\" class=\" wp-image-2641\" src=\"https:\/\/www.halleauxgrains.com\/site\/wp-content\/uploads\/2019\/05\/E2-Photo_credit_Bertrand_VacarisasWEB.jpeg\" alt=\"L'Attrape-r\u00eave \u00a9 Bertrand Vacarisas\" width=\"500\" height=\"369\" srcset=\"https:\/\/www.halleauxgrains.com\/site\/wp-content\/uploads\/2019\/05\/E2-Photo_credit_Bertrand_VacarisasWEB.jpeg 1000w, https:\/\/www.halleauxgrains.com\/site\/wp-content\/uploads\/2019\/05\/E2-Photo_credit_Bertrand_VacarisasWEB-300x221.jpeg 300w, https:\/\/www.halleauxgrains.com\/site\/wp-content\/uploads\/2019\/05\/E2-Photo_credit_Bertrand_VacarisasWEB-768x567.jpeg 768w\" sizes=\"(max-width: 500px) 100vw, 500px\" \/><figcaption id=\"caption-attachment-2641\" class=\"wp-caption-text\">\u00a9 Bertrand Vacarisas<\/figcaption><\/figure>\n<figure id=\"attachment_2642\" aria-describedby=\"caption-attachment-2642\" style=\"width: 500px\" class=\"wp-caption aligncenter\"><img loading=\"lazy\" decoding=\"async\" class=\" wp-image-2642\" src=\"https:\/\/www.halleauxgrains.com\/site\/wp-content\/uploads\/2019\/05\/Blois-176WEB.jpg\" alt=\"L'Attrape-r\u00eave \u00a9 Louiza Malki\" width=\"500\" height=\"333\" srcset=\"https:\/\/www.halleauxgrains.com\/site\/wp-content\/uploads\/2019\/05\/Blois-176WEB.jpg 1000w, https:\/\/www.halleauxgrains.com\/site\/wp-content\/uploads\/2019\/05\/Blois-176WEB-300x200.jpg 300w, https:\/\/www.halleauxgrains.com\/site\/wp-content\/uploads\/2019\/05\/Blois-176WEB-768x512.jpg 768w\" sizes=\"(max-width: 500px) 100vw, 500px\" \/><figcaption id=\"caption-attachment-2642\" class=\"wp-caption-text\">\u00a9 Louiza Malki<\/figcaption><\/figure>\n<figure id=\"attachment_3061\" aria-describedby=\"caption-attachment-3061\" style=\"width: 499px\" class=\"wp-caption aligncenter\"><img loading=\"lazy\" decoding=\"async\" class=\"wp-image-3061 \" src=\"https:\/\/www.halleauxgrains.com\/site\/wp-content\/uploads\/2019\/10\/AttrapeReve_ClementOury_Marolles.jpg\" alt=\"\" width=\"499\" height=\"116\" srcset=\"https:\/\/www.halleauxgrains.com\/site\/wp-content\/uploads\/2019\/10\/AttrapeReve_ClementOury_Marolles.jpg 2880w, https:\/\/www.halleauxgrains.com\/site\/wp-content\/uploads\/2019\/10\/AttrapeReve_ClementOury_Marolles-300x70.jpg 300w, https:\/\/www.halleauxgrains.com\/site\/wp-content\/uploads\/2019\/10\/AttrapeReve_ClementOury_Marolles-768x179.jpg 768w, https:\/\/www.halleauxgrains.com\/site\/wp-content\/uploads\/2019\/10\/AttrapeReve_ClementOury_Marolles-1024x239.jpg 1024w, https:\/\/www.halleauxgrains.com\/site\/wp-content\/uploads\/2019\/10\/AttrapeReve_ClementOury_Marolles-1320x308.jpg 1320w\" sizes=\"(max-width: 499px) 100vw, 499px\" \/><figcaption id=\"caption-attachment-3061\" class=\"wp-caption-text\">\u00a9 Cl\u00e9ment Oury \/ R\u00e9serve naturelle nationale des vall\u00e9es de la Grand-Pierre et Vitain \u2013 Marolles<\/figcaption><\/figure>\n<figure id=\"attachment_3062\" aria-describedby=\"caption-attachment-3062\" style=\"width: 500px\" class=\"wp-caption aligncenter\"><img loading=\"lazy\" decoding=\"async\" class=\"wp-image-3062\" src=\"https:\/\/www.halleauxgrains.com\/site\/wp-content\/uploads\/2019\/10\/AttrapeReve_ClementOury_Marolles2-e1572013179742.jpg\" alt=\"\" width=\"500\" height=\"666\" srcset=\"https:\/\/www.halleauxgrains.com\/site\/wp-content\/uploads\/2019\/10\/AttrapeReve_ClementOury_Marolles2-e1572013179742.jpg 3096w, https:\/\/www.halleauxgrains.com\/site\/wp-content\/uploads\/2019\/10\/AttrapeReve_ClementOury_Marolles2-e1572013179742-225x300.jpg 225w, https:\/\/www.halleauxgrains.com\/site\/wp-content\/uploads\/2019\/10\/AttrapeReve_ClementOury_Marolles2-e1572013179742-768x1024.jpg 768w, https:\/\/www.halleauxgrains.com\/site\/wp-content\/uploads\/2019\/10\/AttrapeReve_ClementOury_Marolles2-e1572013179742-1320x1760.jpg 1320w\" sizes=\"(max-width: 500px) 100vw, 500px\" \/><figcaption id=\"caption-attachment-3062\" class=\"wp-caption-text\">\u00a9 Cl\u00e9ment Oury \/ R\u00e9serve naturelle nationale des vall\u00e9es de la Grand-Pierre et Vitain \u2013 Marolles<\/figcaption><\/figure>\n<figure id=\"attachment_3060\" aria-describedby=\"caption-attachment-3060\" style=\"width: 500px\" class=\"wp-caption aligncenter\"><img loading=\"lazy\" decoding=\"async\" class=\"wp-image-3060\" src=\"https:\/\/www.halleauxgrains.com\/site\/wp-content\/uploads\/2019\/10\/AttrapeReve_ClementOury_Cheverny.jpg\" alt=\"\" width=\"500\" height=\"375\" srcset=\"https:\/\/www.halleauxgrains.com\/site\/wp-content\/uploads\/2019\/10\/AttrapeReve_ClementOury_Cheverny.jpg 4128w, https:\/\/www.halleauxgrains.com\/site\/wp-content\/uploads\/2019\/10\/AttrapeReve_ClementOury_Cheverny-300x225.jpg 300w, https:\/\/www.halleauxgrains.com\/site\/wp-content\/uploads\/2019\/10\/AttrapeReve_ClementOury_Cheverny-768x576.jpg 768w, https:\/\/www.halleauxgrains.com\/site\/wp-content\/uploads\/2019\/10\/AttrapeReve_ClementOury_Cheverny-1024x768.jpg 1024w, https:\/\/www.halleauxgrains.com\/site\/wp-content\/uploads\/2019\/10\/AttrapeReve_ClementOury_Cheverny-1320x990.jpg 1320w\" sizes=\"(max-width: 500px) 100vw, 500px\" \/><figcaption id=\"caption-attachment-3060\" class=\"wp-caption-text\">\u00a9 Cl\u00e9ment Oury \/ Salle de r\u00e9ception du Domaine de Montcy \u2013 Cheverny<\/figcaption><\/figure>\n<figure id=\"attachment_3058\" aria-describedby=\"caption-attachment-3058\" style=\"width: 498px\" class=\"wp-caption aligncenter\"><img loading=\"lazy\" decoding=\"async\" class=\"wp-image-3058\" src=\"https:\/\/www.halleauxgrains.com\/site\/wp-content\/uploads\/2019\/10\/AttrapeReve_ClementOury_Chailes.jpg\" alt=\"\" width=\"498\" height=\"374\" srcset=\"https:\/\/www.halleauxgrains.com\/site\/wp-content\/uploads\/2019\/10\/AttrapeReve_ClementOury_Chailes.jpg 4128w, https:\/\/www.halleauxgrains.com\/site\/wp-content\/uploads\/2019\/10\/AttrapeReve_ClementOury_Chailes-300x225.jpg 300w, https:\/\/www.halleauxgrains.com\/site\/wp-content\/uploads\/2019\/10\/AttrapeReve_ClementOury_Chailes-768x576.jpg 768w, https:\/\/www.halleauxgrains.com\/site\/wp-content\/uploads\/2019\/10\/AttrapeReve_ClementOury_Chailes-1024x768.jpg 1024w, https:\/\/www.halleauxgrains.com\/site\/wp-content\/uploads\/2019\/10\/AttrapeReve_ClementOury_Chailes-1320x990.jpg 1320w\" sizes=\"(max-width: 498px) 100vw, 498px\" \/><figcaption id=\"caption-attachment-3058\" class=\"wp-caption-text\">\u00a9 Cl\u00e9ment Oury \/ Salle de concert du Boissier \/ La Chesnaie \u2013 Chailles<\/figcaption><\/figure>\n<figure id=\"attachment_3059\" aria-describedby=\"caption-attachment-3059\" style=\"width: 500px\" class=\"wp-caption aligncenter\"><img loading=\"lazy\" decoding=\"async\" class=\"wp-image-3059\" src=\"https:\/\/www.halleauxgrains.com\/site\/wp-content\/uploads\/2019\/10\/AttrapeReve_ClementOury_Chailes2.jpg\" alt=\"\" width=\"500\" height=\"375\" srcset=\"https:\/\/www.halleauxgrains.com\/site\/wp-content\/uploads\/2019\/10\/AttrapeReve_ClementOury_Chailes2.jpg 4128w, https:\/\/www.halleauxgrains.com\/site\/wp-content\/uploads\/2019\/10\/AttrapeReve_ClementOury_Chailes2-300x225.jpg 300w, https:\/\/www.halleauxgrains.com\/site\/wp-content\/uploads\/2019\/10\/AttrapeReve_ClementOury_Chailes2-768x576.jpg 768w, https:\/\/www.halleauxgrains.com\/site\/wp-content\/uploads\/2019\/10\/AttrapeReve_ClementOury_Chailes2-1024x768.jpg 1024w, https:\/\/www.halleauxgrains.com\/site\/wp-content\/uploads\/2019\/10\/AttrapeReve_ClementOury_Chailes2-1320x990.jpg 1320w\" sizes=\"(max-width: 500px) 100vw, 500px\" \/><figcaption id=\"caption-attachment-3059\" class=\"wp-caption-text\">\u00a9 Cl\u00e9ment Oury \/ Salle de concert du Boissier \/ La Chesnaie \u2013 Chailles<\/figcaption><\/figure>\n<figure id=\"attachment_3727\" aria-describedby=\"caption-attachment-3727\" style=\"width: 500px\" class=\"wp-caption aligncenter\"><img loading=\"lazy\" decoding=\"async\" class=\" wp-image-3727\" src=\"https:\/\/www.halleauxgrains.com\/site\/wp-content\/uploads\/2020\/08\/AR_EPHAD_Cour_Cheverny.jpg\" alt=\"Parc du Ch\u00e2teau de la Favorite \/ Cour-Cheverny\" width=\"500\" height=\"376\" srcset=\"https:\/\/www.halleauxgrains.com\/site\/wp-content\/uploads\/2020\/08\/AR_EPHAD_Cour_Cheverny.jpg 4608w, https:\/\/www.halleauxgrains.com\/site\/wp-content\/uploads\/2020\/08\/AR_EPHAD_Cour_Cheverny-300x225.jpg 300w, https:\/\/www.halleauxgrains.com\/site\/wp-content\/uploads\/2020\/08\/AR_EPHAD_Cour_Cheverny-768x576.jpg 768w, https:\/\/www.halleauxgrains.com\/site\/wp-content\/uploads\/2020\/08\/AR_EPHAD_Cour_Cheverny-1024x768.jpg 1024w, https:\/\/www.halleauxgrains.com\/site\/wp-content\/uploads\/2020\/08\/AR_EPHAD_Cour_Cheverny-1320x990.jpg 1320w\" sizes=\"(max-width: 500px) 100vw, 500px\" \/><figcaption id=\"caption-attachment-3727\" class=\"wp-caption-text\">Parc du Ch\u00e2teau de la Favorite \/ Cour-Cheverny<\/figcaption><\/figure>\n<figure id=\"attachment_3728\" aria-describedby=\"caption-attachment-3728\" style=\"width: 500px\" class=\"wp-caption aligncenter\"><img loading=\"lazy\" decoding=\"async\" class=\"wp-image-3728\" src=\"https:\/\/www.halleauxgrains.com\/site\/wp-content\/uploads\/2020\/08\/AR_Jardins_Eveche2.jpg\" alt=\"Jardins de L\u2019Ev\u00each\u00e9 \/ Blois\" width=\"500\" height=\"376\" srcset=\"https:\/\/www.halleauxgrains.com\/site\/wp-content\/uploads\/2020\/08\/AR_Jardins_Eveche2.jpg 4608w, https:\/\/www.halleauxgrains.com\/site\/wp-content\/uploads\/2020\/08\/AR_Jardins_Eveche2-300x225.jpg 300w, https:\/\/www.halleauxgrains.com\/site\/wp-content\/uploads\/2020\/08\/AR_Jardins_Eveche2-768x576.jpg 768w, https:\/\/www.halleauxgrains.com\/site\/wp-content\/uploads\/2020\/08\/AR_Jardins_Eveche2-1024x768.jpg 1024w, https:\/\/www.halleauxgrains.com\/site\/wp-content\/uploads\/2020\/08\/AR_Jardins_Eveche2-1320x990.jpg 1320w\" sizes=\"(max-width: 500px) 100vw, 500px\" \/><figcaption id=\"caption-attachment-3728\" class=\"wp-caption-text\">Jardins de L\u2019Ev\u00each\u00e9 \/ Blois<\/figcaption><\/figure>\n<figure id=\"attachment_3729\" aria-describedby=\"caption-attachment-3729\" style=\"width: 500px\" class=\"wp-caption aligncenter\"><img loading=\"lazy\" decoding=\"async\" class=\"wp-image-3729\" src=\"https:\/\/www.halleauxgrains.com\/site\/wp-content\/uploads\/2020\/08\/AR_Jardins_Eveche.jpg\" alt=\"Jardins de L\u2019Ev\u00each\u00e9 \/ Blois\" width=\"500\" height=\"376\" srcset=\"https:\/\/www.halleauxgrains.com\/site\/wp-content\/uploads\/2020\/08\/AR_Jardins_Eveche.jpg 4608w, https:\/\/www.halleauxgrains.com\/site\/wp-content\/uploads\/2020\/08\/AR_Jardins_Eveche-300x225.jpg 300w, https:\/\/www.halleauxgrains.com\/site\/wp-content\/uploads\/2020\/08\/AR_Jardins_Eveche-768x576.jpg 768w, https:\/\/www.halleauxgrains.com\/site\/wp-content\/uploads\/2020\/08\/AR_Jardins_Eveche-1024x768.jpg 1024w, https:\/\/www.halleauxgrains.com\/site\/wp-content\/uploads\/2020\/08\/AR_Jardins_Eveche-1320x990.jpg 1320w\" sizes=\"(max-width: 500px) 100vw, 500px\" \/><figcaption id=\"caption-attachment-3729\" class=\"wp-caption-text\">Jardins de L\u2019Ev\u00each\u00e9 \/ Blois<\/figcaption><\/figure>\n<figure id=\"attachment_3999\" aria-describedby=\"caption-attachment-3999\" style=\"width: 500px\" class=\"wp-caption alignnone\"><img loading=\"lazy\" decoding=\"async\" class=\" wp-image-3999\" src=\"https:\/\/www.halleauxgrains.com\/site\/wp-content\/uploads\/2021\/01\/Chateau_Chateaudun_1_18102020-scaled.jpg\" alt=\"Ch\u00e2teau de Ch\u00e2teaudun \/ Salle des tapisseries\" width=\"500\" height=\"375\" srcset=\"https:\/\/www.halleauxgrains.com\/site\/wp-content\/uploads\/2021\/01\/Chateau_Chateaudun_1_18102020-scaled.jpg 2560w, https:\/\/www.halleauxgrains.com\/site\/wp-content\/uploads\/2021\/01\/Chateau_Chateaudun_1_18102020-300x225.jpg 300w, https:\/\/www.halleauxgrains.com\/site\/wp-content\/uploads\/2021\/01\/Chateau_Chateaudun_1_18102020-1024x768.jpg 1024w, https:\/\/www.halleauxgrains.com\/site\/wp-content\/uploads\/2021\/01\/Chateau_Chateaudun_1_18102020-768x576.jpg 768w, https:\/\/www.halleauxgrains.com\/site\/wp-content\/uploads\/2021\/01\/Chateau_Chateaudun_1_18102020-1536x1152.jpg 1536w, https:\/\/www.halleauxgrains.com\/site\/wp-content\/uploads\/2021\/01\/Chateau_Chateaudun_1_18102020-2048x1536.jpg 2048w, https:\/\/www.halleauxgrains.com\/site\/wp-content\/uploads\/2021\/01\/Chateau_Chateaudun_1_18102020-1320x990.jpg 1320w\" sizes=\"(max-width: 500px) 100vw, 500px\" \/><figcaption id=\"caption-attachment-3999\" class=\"wp-caption-text\">Ch\u00e2teau de Ch\u00e2teaudun \/ Salle des tapisseries<\/figcaption><\/figure>\n<figure id=\"attachment_4000\" aria-describedby=\"caption-attachment-4000\" style=\"width: 500px\" class=\"wp-caption alignnone\"><img loading=\"lazy\" decoding=\"async\" class=\" wp-image-4000\" src=\"https:\/\/www.halleauxgrains.com\/site\/wp-content\/uploads\/2021\/01\/Chateau_Chateaudun_3_18102020-scaled.jpg\" alt=\"Ch\u00e2teau de Ch\u00e2teaudun \/ Salle des tapisseries\" width=\"500\" height=\"376\" srcset=\"https:\/\/www.halleauxgrains.com\/site\/wp-content\/uploads\/2021\/01\/Chateau_Chateaudun_3_18102020-scaled.jpg 2560w, https:\/\/www.halleauxgrains.com\/site\/wp-content\/uploads\/2021\/01\/Chateau_Chateaudun_3_18102020-300x225.jpg 300w, https:\/\/www.halleauxgrains.com\/site\/wp-content\/uploads\/2021\/01\/Chateau_Chateaudun_3_18102020-1024x768.jpg 1024w, https:\/\/www.halleauxgrains.com\/site\/wp-content\/uploads\/2021\/01\/Chateau_Chateaudun_3_18102020-768x576.jpg 768w, https:\/\/www.halleauxgrains.com\/site\/wp-content\/uploads\/2021\/01\/Chateau_Chateaudun_3_18102020-1536x1152.jpg 1536w, https:\/\/www.halleauxgrains.com\/site\/wp-content\/uploads\/2021\/01\/Chateau_Chateaudun_3_18102020-2048x1536.jpg 2048w, https:\/\/www.halleauxgrains.com\/site\/wp-content\/uploads\/2021\/01\/Chateau_Chateaudun_3_18102020-1320x990.jpg 1320w\" sizes=\"(max-width: 500px) 100vw, 500px\" \/><figcaption id=\"caption-attachment-4000\" class=\"wp-caption-text\">Ch\u00e2teau de Ch\u00e2teaudun \/ Salle des tapisseries<\/figcaption><\/figure>\n<figure id=\"attachment_4002\" aria-describedby=\"caption-attachment-4002\" style=\"width: 500px\" class=\"wp-caption alignnone\"><img loading=\"lazy\" decoding=\"async\" class=\" wp-image-4002\" src=\"https:\/\/www.halleauxgrains.com\/site\/wp-content\/uploads\/2021\/01\/Mediatheque_Equinoxe_Chateauroux_2_29092020-scaled.jpg\" alt=\"M\u00e9diath\u00e8que \u00c9quinoxe \/ Ch\u00e2teauroux\" width=\"500\" height=\"376\" srcset=\"https:\/\/www.halleauxgrains.com\/site\/wp-content\/uploads\/2021\/01\/Mediatheque_Equinoxe_Chateauroux_2_29092020-scaled.jpg 2560w, https:\/\/www.halleauxgrains.com\/site\/wp-content\/uploads\/2021\/01\/Mediatheque_Equinoxe_Chateauroux_2_29092020-300x225.jpg 300w, https:\/\/www.halleauxgrains.com\/site\/wp-content\/uploads\/2021\/01\/Mediatheque_Equinoxe_Chateauroux_2_29092020-1024x768.jpg 1024w, https:\/\/www.halleauxgrains.com\/site\/wp-content\/uploads\/2021\/01\/Mediatheque_Equinoxe_Chateauroux_2_29092020-768x576.jpg 768w, https:\/\/www.halleauxgrains.com\/site\/wp-content\/uploads\/2021\/01\/Mediatheque_Equinoxe_Chateauroux_2_29092020-1536x1152.jpg 1536w, https:\/\/www.halleauxgrains.com\/site\/wp-content\/uploads\/2021\/01\/Mediatheque_Equinoxe_Chateauroux_2_29092020-2048x1536.jpg 2048w, https:\/\/www.halleauxgrains.com\/site\/wp-content\/uploads\/2021\/01\/Mediatheque_Equinoxe_Chateauroux_2_29092020-1320x990.jpg 1320w\" sizes=\"(max-width: 500px) 100vw, 500px\" \/><figcaption id=\"caption-attachment-4002\" class=\"wp-caption-text\">M\u00e9diath\u00e8que \u00c9quinoxe \/ Ch\u00e2teauroux<\/figcaption><\/figure>\n<figure id=\"attachment_4003\" aria-describedby=\"caption-attachment-4003\" style=\"width: 500px\" class=\"wp-caption alignnone\"><img loading=\"lazy\" decoding=\"async\" class=\" wp-image-4003\" src=\"https:\/\/www.halleauxgrains.com\/site\/wp-content\/uploads\/2021\/01\/Mediatheque_Equinoxe_Chateauroux_3_29092020-scaled.jpg\" alt=\"M\u00e9diath\u00e8que \u00c9quinoxe \/ Ch\u00e2teauroux\" width=\"500\" height=\"376\" srcset=\"https:\/\/www.halleauxgrains.com\/site\/wp-content\/uploads\/2021\/01\/Mediatheque_Equinoxe_Chateauroux_3_29092020-scaled.jpg 2560w, https:\/\/www.halleauxgrains.com\/site\/wp-content\/uploads\/2021\/01\/Mediatheque_Equinoxe_Chateauroux_3_29092020-300x225.jpg 300w, https:\/\/www.halleauxgrains.com\/site\/wp-content\/uploads\/2021\/01\/Mediatheque_Equinoxe_Chateauroux_3_29092020-1024x768.jpg 1024w, https:\/\/www.halleauxgrains.com\/site\/wp-content\/uploads\/2021\/01\/Mediatheque_Equinoxe_Chateauroux_3_29092020-768x576.jpg 768w, https:\/\/www.halleauxgrains.com\/site\/wp-content\/uploads\/2021\/01\/Mediatheque_Equinoxe_Chateauroux_3_29092020-1536x1152.jpg 1536w, https:\/\/www.halleauxgrains.com\/site\/wp-content\/uploads\/2021\/01\/Mediatheque_Equinoxe_Chateauroux_3_29092020-2048x1536.jpg 2048w, https:\/\/www.halleauxgrains.com\/site\/wp-content\/uploads\/2021\/01\/Mediatheque_Equinoxe_Chateauroux_3_29092020-1320x990.jpg 1320w\" sizes=\"(max-width: 500px) 100vw, 500px\" \/><figcaption id=\"caption-attachment-4003\" class=\"wp-caption-text\">M\u00e9diath\u00e8que \u00c9quinoxe \/ Ch\u00e2teauroux<\/figcaption><\/figure>\n\n\n<figure class=\"wp-block-gallery columns-0 is-cropped wp-block-gallery-1 is-layout-flex wp-block-gallery-is-layout-flex\"><ul class=\"blocks-gallery-grid\"><\/ul><\/figure>\n","protected":false},"excerpt":{"rendered":"","protected":false},"author":2,"featured_media":0,"parent":0,"menu_order":25,"comment_status":"closed","ping_status":"closed","template":"","meta":{"footnotes":""},"acf":[],"yoast_head":"<!-- This site is optimized with the Yoast SEO plugin v21.6 - https:\/\/yoast.com\/wordpress\/plugins\/seo\/ -->\n<title>GALERIE PHOTOS DE L&#039;ATTRAPE-R\u00caVE - Halle aux grains | Sc\u00e8ne nationale de Blois<\/title>\n<meta name=\"robots\" content=\"index, follow, max-snippet:-1, max-image-preview:large, max-video-preview:-1\" \/>\n<link rel=\"canonical\" href=\"https:\/\/www.halleauxgrains.com\/site\/galerie-photo-de-lattrape-reve\/\" \/>\n<meta property=\"og:locale\" content=\"fr_FR\" \/>\n<meta property=\"og:type\" content=\"article\" \/>\n<meta property=\"og:title\" content=\"GALERIE PHOTOS DE L&#039;ATTRAPE-R\u00caVE - Halle aux grains | Sc\u00e8ne nationale de Blois\" \/>\n<meta property=\"og:url\" content=\"https:\/\/www.halleauxgrains.com\/site\/galerie-photo-de-lattrape-reve\/\" \/>\n<meta property=\"og:site_name\" content=\"Halle aux grains | Sc\u00e8ne nationale de Blois\" \/>\n<meta property=\"article:publisher\" content=\"https:\/\/www.facebook.com\/scenenationaledeblois\" \/>\n<meta property=\"article:modified_time\" content=\"2021-01-11T13:49:49+00:00\" \/>\n<meta property=\"og:image\" content=\"https:\/\/www.halleauxgrains.com\/site\/wp-content\/uploads\/2019\/05\/Blois-182.jpg\" \/>\n<meta name=\"twitter:card\" content=\"summary_large_image\" \/>\n<meta name=\"twitter:label1\" content=\"Dur\u00e9e de lecture estim\u00e9e\" \/>\n\t<meta name=\"twitter:data1\" content=\"1 minute\" \/>\n<script type=\"application\/ld+json\" class=\"yoast-schema-graph\">{\"@context\":\"https:\/\/schema.org\",\"@graph\":[{\"@type\":\"WebPage\",\"@id\":\"https:\/\/www.halleauxgrains.com\/site\/galerie-photo-de-lattrape-reve\/\",\"url\":\"https:\/\/www.halleauxgrains.com\/site\/galerie-photo-de-lattrape-reve\/\",\"name\":\"GALERIE PHOTOS DE L'ATTRAPE-R\u00caVE - Halle aux grains | Sc\u00e8ne nationale de Blois\",\"isPartOf\":{\"@id\":\"https:\/\/www.halleauxgrains.com\/site\/#website\"},\"datePublished\":\"2019-05-13T15:50:39+00:00\",\"dateModified\":\"2021-01-11T13:49:49+00:00\",\"breadcrumb\":{\"@id\":\"https:\/\/www.halleauxgrains.com\/site\/galerie-photo-de-lattrape-reve\/#breadcrumb\"},\"inLanguage\":\"fr-FR\",\"potentialAction\":[{\"@type\":\"ReadAction\",\"target\":[\"https:\/\/www.halleauxgrains.com\/site\/galerie-photo-de-lattrape-reve\/\"]}]},{\"@type\":\"BreadcrumbList\",\"@id\":\"https:\/\/www.halleauxgrains.com\/site\/galerie-photo-de-lattrape-reve\/#breadcrumb\",\"itemListElement\":[{\"@type\":\"ListItem\",\"position\":1,\"name\":\"Accueil\",\"item\":\"https:\/\/www.halleauxgrains.com\/site\/\"},{\"@type\":\"ListItem\",\"position\":2,\"name\":\"GALERIE PHOTOS DE L&rsquo;ATTRAPE-R\u00caVE\"}]},{\"@type\":\"WebSite\",\"@id\":\"https:\/\/www.halleauxgrains.com\/site\/#website\",\"url\":\"https:\/\/www.halleauxgrains.com\/site\/\",\"name\":\"Halle aux grains | Sc\u00e8ne nationale de Blois\",\"description\":\"\",\"publisher\":{\"@id\":\"https:\/\/www.halleauxgrains.com\/site\/#organization\"},\"potentialAction\":[{\"@type\":\"SearchAction\",\"target\":{\"@type\":\"EntryPoint\",\"urlTemplate\":\"https:\/\/www.halleauxgrains.com\/site\/?s={search_term_string}\"},\"query-input\":\"required name=search_term_string\"}],\"inLanguage\":\"fr-FR\"},{\"@type\":\"Organization\",\"@id\":\"https:\/\/www.halleauxgrains.com\/site\/#organization\",\"name\":\"Halle aux grains | Sc\u00e8ne nationale de Blois\",\"url\":\"https:\/\/www.halleauxgrains.com\/site\/\",\"logo\":{\"@type\":\"ImageObject\",\"inLanguage\":\"fr-FR\",\"@id\":\"https:\/\/www.halleauxgrains.com\/site\/#\/schema\/logo\/image\/\",\"url\":\"https:\/\/www.halleauxgrains.com\/site\/wp-content\/uploads\/2025\/05\/VisuelSiteAccueil.jpg\",\"contentUrl\":\"https:\/\/www.halleauxgrains.com\/site\/wp-content\/uploads\/2025\/05\/VisuelSiteAccueil.jpg\",\"width\":775,\"height\":775,\"caption\":\"Halle aux grains | Sc\u00e8ne nationale de Blois\"},\"image\":{\"@id\":\"https:\/\/www.halleauxgrains.com\/site\/#\/schema\/logo\/image\/\"},\"sameAs\":[\"https:\/\/www.facebook.com\/scenenationaledeblois\",\"https:\/\/www.instagram.com\/lahagscenenationaledeblois\",\"https:\/\/www.linkedin.com\/company\/la-halle-aux-grains-scene-nationale-de-blois\/\"]}]}<\/script>\n<!-- \/ Yoast SEO plugin. -->","yoast_head_json":{"title":"GALERIE PHOTOS DE L'ATTRAPE-R\u00caVE - Halle aux grains | Sc\u00e8ne nationale de Blois","robots":{"index":"index","follow":"follow","max-snippet":"max-snippet:-1","max-image-preview":"max-image-preview:large","max-video-preview":"max-video-preview:-1"},"canonical":"https:\/\/www.halleauxgrains.com\/site\/galerie-photo-de-lattrape-reve\/","og_locale":"fr_FR","og_type":"article","og_title":"GALERIE PHOTOS DE L'ATTRAPE-R\u00caVE - Halle aux grains | Sc\u00e8ne nationale de Blois","og_url":"https:\/\/www.halleauxgrains.com\/site\/galerie-photo-de-lattrape-reve\/","og_site_name":"Halle aux grains | Sc\u00e8ne nationale de Blois","article_publisher":"https:\/\/www.facebook.com\/scenenationaledeblois","article_modified_time":"2021-01-11T13:49:49+00:00","og_image":[{"url":"https:\/\/www.halleauxgrains.com\/site\/wp-content\/uploads\/2019\/05\/Blois-182.jpg"}],"twitter_card":"summary_large_image","twitter_misc":{"Dur\u00e9e de lecture estim\u00e9e":"1 minute"},"schema":{"@context":"https:\/\/schema.org","@graph":[{"@type":"WebPage","@id":"https:\/\/www.halleauxgrains.com\/site\/galerie-photo-de-lattrape-reve\/","url":"https:\/\/www.halleauxgrains.com\/site\/galerie-photo-de-lattrape-reve\/","name":"GALERIE PHOTOS DE L'ATTRAPE-R\u00caVE - Halle aux grains | Sc\u00e8ne nationale de Blois","isPartOf":{"@id":"https:\/\/www.halleauxgrains.com\/site\/#website"},"datePublished":"2019-05-13T15:50:39+00:00","dateModified":"2021-01-11T13:49:49+00:00","breadcrumb":{"@id":"https:\/\/www.halleauxgrains.com\/site\/galerie-photo-de-lattrape-reve\/#breadcrumb"},"inLanguage":"fr-FR","potentialAction":[{"@type":"ReadAction","target":["https:\/\/www.halleauxgrains.com\/site\/galerie-photo-de-lattrape-reve\/"]}]},{"@type":"BreadcrumbList","@id":"https:\/\/www.halleauxgrains.com\/site\/galerie-photo-de-lattrape-reve\/#breadcrumb","itemListElement":[{"@type":"ListItem","position":1,"name":"Accueil","item":"https:\/\/www.halleauxgrains.com\/site\/"},{"@type":"ListItem","position":2,"name":"GALERIE PHOTOS DE L&rsquo;ATTRAPE-R\u00caVE"}]},{"@type":"WebSite","@id":"https:\/\/www.halleauxgrains.com\/site\/#website","url":"https:\/\/www.halleauxgrains.com\/site\/","name":"Halle aux grains | Sc\u00e8ne nationale de Blois","description":"","publisher":{"@id":"https:\/\/www.halleauxgrains.com\/site\/#organization"},"potentialAction":[{"@type":"SearchAction","target":{"@type":"EntryPoint","urlTemplate":"https:\/\/www.halleauxgrains.com\/site\/?s={search_term_string}"},"query-input":"required name=search_term_string"}],"inLanguage":"fr-FR"},{"@type":"Organization","@id":"https:\/\/www.halleauxgrains.com\/site\/#organization","name":"Halle aux grains | Sc\u00e8ne nationale de Blois","url":"https:\/\/www.halleauxgrains.com\/site\/","logo":{"@type":"ImageObject","inLanguage":"fr-FR","@id":"https:\/\/www.halleauxgrains.com\/site\/#\/schema\/logo\/image\/","url":"https:\/\/www.halleauxgrains.com\/site\/wp-content\/uploads\/2025\/05\/VisuelSiteAccueil.jpg","contentUrl":"https:\/\/www.halleauxgrains.com\/site\/wp-content\/uploads\/2025\/05\/VisuelSiteAccueil.jpg","width":775,"height":775,"caption":"Halle aux grains | Sc\u00e8ne nationale de Blois"},"image":{"@id":"https:\/\/www.halleauxgrains.com\/site\/#\/schema\/logo\/image\/"},"sameAs":["https:\/\/www.facebook.com\/scenenationaledeblois","https:\/\/www.instagram.com\/lahagscenenationaledeblois","https:\/\/www.linkedin.com\/company\/la-halle-aux-grains-scene-nationale-de-blois\/"]}]}},"publishpress_future_action":{"enabled":false,"date":"1970-01-01 01:00:00","action":"","terms":[],"taxonomy":"","browser_timezone_offset":0},"_links":{"self":[{"href":"https:\/\/www.halleauxgrains.com\/site\/wp-json\/wp\/v2\/pages\/2633"}],"collection":[{"href":"https:\/\/www.halleauxgrains.com\/site\/wp-json\/wp\/v2\/pages"}],"about":[{"href":"https:\/\/www.halleauxgrains.com\/site\/wp-json\/wp\/v2\/types\/page"}],"author":[{"embeddable":true,"href":"https:\/\/www.halleauxgrains.com\/site\/wp-json\/wp\/v2\/users\/2"}],"replies":[{"embeddable":true,"href":"https:\/\/www.halleauxgrains.com\/site\/wp-json\/wp\/v2\/comments?post=2633"}],"version-history":[{"count":34,"href":"https:\/\/www.halleauxgrains.com\/site\/wp-json\/wp\/v2\/pages\/2633\/revisions"}],"predecessor-version":[{"id":4005,"href":"https:\/\/www.halleauxgrains.com\/site\/wp-json\/wp\/v2\/pages\/2633\/revisions\/4005"}],"wp:attachment":[{"href":"https:\/\/www.halleauxgrains.com\/site\/wp-json\/wp\/v2\/media?parent=2633"}],"curies":[{"name":"wp","href":"https:\/\/api.w.org\/{rel}","templated":true}]}}