{"id":2211,"date":"2018-06-21T11:00:31","date_gmt":"2018-06-21T10:00:31","guid":{"rendered":"https:\/\/www.halleauxgrains.com\/site\/?page_id=2211"},"modified":"2026-02-18T14:00:57","modified_gmt":"2026-02-18T13:00:57","slug":"accessibilite","status":"publish","type":"page","link":"https:\/\/www.halleauxgrains.com\/site\/accessibilite\/","title":{"rendered":"ACCESSIBILIT\u00c9"},"content":{"rendered":"\n<p><strong>La Sc\u00e8ne nationale est tr\u00e8s attentive \u00e0 l\u2019accueil des personnes en situation de handicap sensoriel, psychique ou moteur. Nous mettons tout en \u0153uvre pour faciliter leur venue et la rencontre avec le spectacle vivant.<\/strong><br><strong>Nous mettons tout en \u0153uvre pour faciliter votre venue et la rencontre avec le spectacle vivant. En partenariat avec &gt;<a href=\"http:\/\/accesculture.org\">ACCE\u0300S CULTURE<\/a>, certains spectacles sont propose\u0301s avec un dispositif d\u2019accompagnement spe\u0301cifique : audiodescription ou adaptation en langue des signes fran\u00e7aise. <\/strong><\/p>\n\n\n\n<p>Pr\u00e9parez et facilitez votre venue. N\u2019h\u00e9sitez pas \u00e0 nous contacter pour un conseil ou une question.<br>virginie@halleauxgrains.com \/ 02 54 90 44 08 \/ 07 67 44 80 97<\/p>\n\n\n\n<h2 class=\"wp-block-heading has-text-color has-link-color has-medium-font-size wp-elements-11e9fd2be3a8cae688a7bdb70df5dea5\" style=\"color:#00963d\"><span class=\"s7\"><strong>Spectateurs en situation de handicap sensoriel<\/strong><\/span><\/h2>\n\n\n\n<div class=\"wp-block-columns is-layout-flex wp-container-core-columns-layout-1 wp-block-columns-is-layout-flex\">\n<div class=\"wp-block-column is-layout-flow wp-block-column-is-layout-flow\" style=\"flex-basis:33.33%\">\n<figure class=\"wp-block-image size-full is-resized\"><img loading=\"lazy\" decoding=\"async\" width=\"388\" height=\"325\" src=\"https:\/\/www.halleauxgrains.com\/site\/wp-content\/uploads\/2017\/06\/picto-handicap-visuel.jpg\" alt=\"\" class=\"wp-image-1517\" style=\"width:64px;height:auto\" srcset=\"https:\/\/www.halleauxgrains.com\/site\/wp-content\/uploads\/2017\/06\/picto-handicap-visuel.jpg 388w, https:\/\/www.halleauxgrains.com\/site\/wp-content\/uploads\/2017\/06\/picto-handicap-visuel-300x251.jpg 300w\" sizes=\"(max-width: 388px) 100vw, 388px\" \/><\/figure>\n\n\n\n<figure class=\"wp-block-image size-full\"><img loading=\"lazy\" decoding=\"async\" width=\"56\" height=\"58\" src=\"https:\/\/www.halleauxgrains.com\/site\/wp-content\/uploads\/2018\/06\/PictoMALENTENDANT.png\" alt=\"\" class=\"wp-image-2212\"\/><\/figure>\n<\/div>\n\n\n\n<div class=\"wp-block-column is-layout-flow wp-block-column-is-layout-flow\" style=\"flex-basis:66.66%\">\n<h3 class=\"wp-block-heading has-medium-font-size\"><span class=\"s7\"><strong><strong>SPECTACLES NATURELLEMENT ACCESSIBLES<\/strong><\/strong><\/span><\/h3>\n\n\n\n<p>Un spectacle \u00ab naturellement accessible \u00bb est un spectacle qui, dans sa conception, et d\u00e8s sa cr\u00e9ation, int\u00e8gre des caract\u00e9ristiques qui permettent \u00e0 des spectateurs ayant des d\u00e9ficiences sensorielles, sourds ou malentendants, aveugles ou malvoyants, d\u2019acc\u00e9der \u00e0 la totalit\u00e9 de son sens, voire de son esth\u00e9tique, sans dispositif d\u2019accompagnement sp\u00e9cifique.<\/p>\n<\/div>\n<\/div>\n\n\n\n<div class=\"wp-block-columns is-layout-flex wp-container-core-columns-layout-2 wp-block-columns-is-layout-flex\">\n<div class=\"wp-block-column is-layout-flow wp-block-column-is-layout-flow\" style=\"flex-basis:33.33%\">\n<div style=\"height:43px\" aria-hidden=\"true\" class=\"wp-block-spacer\"><\/div>\n\n\n<div class=\"wp-block-image\">\n<figure class=\"alignleft is-resized\"><img loading=\"lazy\" decoding=\"async\" width=\"66\" height=\"56\" src=\"https:\/\/www.halleauxgrains.com\/site\/wp-content\/uploads\/2018\/06\/PictoMALVOYANT.png\" alt=\"\" class=\"wp-image-2213\" style=\"width:72px;height:auto\"\/><\/figure><\/div><\/div>\n\n\n\n<div class=\"wp-block-column is-layout-flow wp-block-column-is-layout-flow\" style=\"flex-basis:66.66%\">\n<h3 class=\"wp-block-heading has-medium-font-size\"><span class=\"s7\"><strong>Spectateurs aveugles ou malvoyants<\/strong><\/span><\/h3>\n\n\n\n<p><em><a href=\"https:\/\/www.halleauxgrains.com\/site\/spectacles\/derapage\/\" target=\"_blank\" rel=\"noreferrer noopener\">D\u00e9rapage<\/a><\/em> (en audiodescription), <em><a href=\"https:\/\/www.halleauxgrains.com\/site\/spectacles\/non-sei-solo\/\" target=\"_blank\" rel=\"noreferrer noopener\">Non Sei Solo<\/a><\/em>, <em><a href=\"https:\/\/www.halleauxgrains.com\/site\/spectacles\/renaud-garcia-fons-quartet\/\" target=\"_blank\" rel=\"noreferrer noopener\">Renaud Garcia-Fons Quartet<\/a><\/em>, <em><a href=\"https:\/\/www.halleauxgrains.com\/site\/spectacles\/304-jours\/\" target=\"_blank\" rel=\"noreferrer noopener\">304 jours<\/a><\/em>, <em><a href=\"https:\/\/www.halleauxgrains.com\/site\/spectacles\/le-misanthrope\/\" target=\"_blank\" rel=\"noreferrer noopener\">Le Misanthrope<\/a><\/em>, <em><a href=\"https:\/\/www.halleauxgrains.com\/site\/spectacles\/dominique-a\/\" target=\"_blank\" rel=\"noreferrer noopener\">Dominique A<\/a><\/em>, <em><a href=\"https:\/\/www.halleauxgrains.com\/site\/spectacles\/urgences\/\">Urgences<\/a><\/em>, <em><a href=\"https:\/\/www.halleauxgrains.com\/site\/spectacles\/les-bonnes\/\">Les Bonnes<\/a><\/em>, <em><a href=\"https:\/\/www.halleauxgrains.com\/site\/spectacles\/vivaldi-piazzolla\/\" target=\"_blank\" rel=\"noreferrer noopener\">Vivaldi &#8211; Piazzolla<\/a><\/em>, <em><a href=\"https:\/\/www.halleauxgrains.com\/site\/spectacles\/sous-letoile\/\" target=\"_blank\" rel=\"noreferrer noopener\">Sous l\u2019\u00e9toile<\/a><\/em>, <em><a href=\"https:\/\/www.halleauxgrains.com\/site\/spectacles\/big-bang-oratorio\/\">Big bang oratorio<\/a><\/em>, <em><a href=\"https:\/\/www.halleauxgrains.com\/site\/spectacles\/la-vie-secrete-des-vieux-2\/\">La Vie secr\u00e8te des vieux<\/a><\/em> (en audiodescription), <em><a href=\"https:\/\/www.halleauxgrains.com\/site\/spectacles\/celine\/\" target=\"_blank\" rel=\"noreferrer noopener\">C\u00e9line<\/a><\/em>, <em><a href=\"https:\/\/www.halleauxgrains.com\/site\/spectacles\/linfiltre\/\" target=\"_blank\" rel=\"noreferrer noopener\">L\u2019infiltr\u00e9<\/a><\/em>.<\/p>\n<\/div>\n<\/div>\n\n\n\n<div class=\"wp-block-columns is-layout-flex wp-container-core-columns-layout-3 wp-block-columns-is-layout-flex\">\n<div class=\"wp-block-column is-layout-flow wp-block-column-is-layout-flow\" style=\"flex-basis:33.33%\">\n<div style=\"height:12px\" aria-hidden=\"true\" class=\"wp-block-spacer\"><\/div>\n\n\n<div class=\"wp-block-image\">\n<figure class=\"alignleft is-resized\"><img loading=\"lazy\" decoding=\"async\" width=\"56\" height=\"58\" src=\"https:\/\/www.halleauxgrains.com\/site\/wp-content\/uploads\/2018\/06\/PictoMALENTENDANT.png\" alt=\"\" class=\"wp-image-2212\" style=\"aspect-ratio:0.958904109589041;width:55px;height:auto\"\/><\/figure><\/div><\/div>\n\n\n\n<div class=\"wp-block-column is-layout-flow wp-block-column-is-layout-flow\" style=\"flex-basis:66.66%\">\n<h3 class=\"wp-block-heading has-medium-font-size\"><span class=\"s7\"><strong>Spectateurs sourds ou malentendants<\/strong><\/span><\/h3>\n\n\n\n<p><em><a href=\"https:\/\/www.halleauxgrains.com\/site\/spectacles\/jour-de-fete\/\" target=\"_blank\" rel=\"noreferrer noopener\">Jour de f\u00eate<\/a><\/em>, <em><a href=\"https:\/\/www.halleauxgrains.com\/site\/spectacles\/foutoir-celeste\/\" target=\"_blank\" rel=\"noreferrer noopener\">Foutoir c\u00e9leste<\/a><\/em>, <em><a href=\"https:\/\/www.halleauxgrains.com\/site\/spectacles\/gadoue\/\">Gadoue<\/a><\/em>, <em><a href=\"https:\/\/www.halleauxgrains.com\/site\/spectacles\/vers-les-metamorphoses\/\" target=\"_blank\" rel=\"noreferrer noopener\">Vers les m\u00e9tamorphoses<\/a><\/em>, <em><a href=\"https:\/\/www.halleauxgrains.com\/site\/spectacles\/a-vue\/\" target=\"_blank\" rel=\"noreferrer noopener\">\u00c0 vue<\/a><\/em>, <em><a href=\"https:\/\/www.halleauxgrains.com\/site\/spectacles\/leloge-des-possibles\/\" target=\"_blank\" rel=\"noreferrer noopener\">L\u2019\u00c9loge des possibles<\/a><\/em>, <em><a href=\"https:\/\/www.halleauxgrains.com\/site\/spectacles\/trois-plumes\/\" target=\"_blank\" rel=\"noreferrer noopener\">Trois plumes<\/a><\/em>, <\/p>\n<\/div>\n<\/div>\n\n\n\n<h4 class=\"wp-block-heading has-text-color has-link-color has-medium-font-size wp-elements-c906a6df04245c9b5f511b9bb66d7ef1\" style=\"color:#00963d\"><span class=\"s7\"><strong>Spectacles programm\u00e9s avec dispositif sp\u00e9cifique :<\/strong><\/span><\/h4>\n\n\n\n<div class=\"wp-block-columns is-layout-flex wp-container-core-columns-layout-4 wp-block-columns-is-layout-flex\">\n<div class=\"wp-block-column is-layout-flow wp-block-column-is-layout-flow\" style=\"flex-basis:33.33%\">\n<figure class=\"wp-block-image size-full is-resized\"><img loading=\"lazy\" decoding=\"async\" width=\"512\" height=\"512\" src=\"https:\/\/www.halleauxgrains.com\/site\/wp-content\/uploads\/2024\/05\/Picto-audio-description-AD.png\" alt=\"\" class=\"wp-image-6965\" style=\"width:90px;height:auto\" srcset=\"https:\/\/www.halleauxgrains.com\/site\/wp-content\/uploads\/2024\/05\/Picto-audio-description-AD.png 512w, https:\/\/www.halleauxgrains.com\/site\/wp-content\/uploads\/2024\/05\/Picto-audio-description-AD-300x300.png 300w, https:\/\/www.halleauxgrains.com\/site\/wp-content\/uploads\/2024\/05\/Picto-audio-description-AD-150x150.png 150w\" sizes=\"(max-width: 512px) 100vw, 512px\" \/><\/figure>\n<\/div>\n\n\n\n<div class=\"wp-block-column is-layout-flow wp-block-column-is-layout-flow\" style=\"flex-basis:66.66%\">\n<p><em><a href=\"https:\/\/www.halleauxgrains.com\/site\/spectacles\/derapage\/\" target=\"_blank\" rel=\"noreferrer noopener\">D\u00e9rapage<\/a><\/em> (Les Sea Girls), en audiodescription<\/p>\n\n\n\n<p><em><a href=\"https:\/\/www.halleauxgrains.com\/site\/spectacles\/la-vie-secrete-des-vieux-2\/\">La Vie secr\u00e8te des vieux<\/a><\/em> (Mohamed El Khatib), en audiodescription<\/p>\n<\/div>\n<\/div>\n\n\n\n<p><strong>AUDIODESCRIPTION<\/strong><br>Le proce\u0301de\u0301 d\u2019audiodescription consiste a\u0300 transmettre par le biais de casques des informations sur la mise en sce\u0300ne, les de\u0301cors, l\u2019attitude des come\u0301diens, leurs costumes et leurs de\u0301placements pendant les temps de silence des come\u0301diens ou des chanteurs a\u0300 l\u2019ope\u0301ra. Il permet d\u2019enrichir l\u2019e\u0301coute et de nourrir l\u2019imagination des personnes en situation de handicap visuel, qui perc\u0327oivent naturellement le texte et l\u2019interpre\u0301tation des come\u0301diens.<\/p>\n\n\n\n<div class=\"wp-block-columns is-layout-flex wp-container-core-columns-layout-5 wp-block-columns-is-layout-flex\">\n<div class=\"wp-block-column is-layout-flow wp-block-column-is-layout-flow\" style=\"flex-basis:33.33%\">\n<figure class=\"wp-block-image size-full is-resized\"><img loading=\"lazy\" decoding=\"async\" width=\"1300\" height=\"1390\" src=\"https:\/\/www.halleauxgrains.com\/site\/wp-content\/uploads\/2025\/05\/PictoBraille.jpg\" alt=\"\" class=\"wp-image-7847\" style=\"width:91px;height:auto\" srcset=\"https:\/\/www.halleauxgrains.com\/site\/wp-content\/uploads\/2025\/05\/PictoBraille.jpg 1300w, https:\/\/www.halleauxgrains.com\/site\/wp-content\/uploads\/2025\/05\/PictoBraille-281x300.jpg 281w, https:\/\/www.halleauxgrains.com\/site\/wp-content\/uploads\/2025\/05\/PictoBraille-958x1024.jpg 958w, https:\/\/www.halleauxgrains.com\/site\/wp-content\/uploads\/2025\/05\/PictoBraille-768x821.jpg 768w\" sizes=\"(max-width: 1300px) 100vw, 1300px\" \/><\/figure>\n<\/div>\n\n\n\n<div class=\"wp-block-column is-layout-flow wp-block-column-is-layout-flow\" style=\"flex-basis:66.66%\">\n<p>Des feuilles de salle en braille sont disponibles \u00e0 l\u2019accueil pour chaque spectacle naturellement accessible aux personnes aveugles ou malvoyantes. Elles sont transcrites par la F\u00e9d\u00e9ration des Aveugles et Amblyopes de France Val de Loire (Orl\u00e9ans). Ces programmes sont \u00e9galement \u00e9dit\u00e9s en gros caract\u00e8res.<\/p>\n<\/div>\n<\/div>\n\n\n\n<h3 class=\"wp-block-heading has-text-color has-link-color wp-elements-e36ff0619f3eedbbe2a0954a135f3499\" style=\"color:#00963d\">Spectateurs \u00e0 mobilit\u00e9 r\u00e9duite<\/h3>\n\n\n<div class=\"wp-block-image\">\n<figure class=\"alignleft is-resized\"><img loading=\"lazy\" decoding=\"async\" width=\"280\" height=\"180\" src=\"https:\/\/www.halleauxgrains.com\/site\/wp-content\/uploads\/2018\/06\/PictoPMR.png\" alt=\"\" class=\"wp-image-2214\" style=\"width:250px;height:auto\"\/><\/figure><\/div>\n\n\n<p>Toutes les repr\u00e9sentations sont accessibles aux personnes \u00e0 mobilit\u00e9 r\u00e9duite. Des places vous sont r\u00e9serv\u00e9es en salle : pour en b\u00e9n\u00e9ficier, il suffit de nous signaler votre pr\u00e9sence lors de votre r\u00e9servation et de vous pr\u00e9senter \u00e0 la billetterie d\u00e8s votre arriv\u00e9e les soirs de spectacles pour un acc\u00e8s prioritaire et accompagn\u00e9 en salle.<\/p>\n\n\n\n<h3 class=\"wp-block-heading has-text-color has-link-color wp-elements-de65b011051d06743bf47c254cf620f4\" style=\"color:#00963d\">Pensez aux spectacles programm\u00e9s en journ\u00e9e<\/h3>\n\n\n\n<p>Si les sorties en soir\u00e9e ne sont pas adapt\u00e9es \u00e0 votre situation, certains spectacles programm\u00e9s en journ\u00e9e permettent de vous accueillir. Propos\u00e9es aux \u00e9l\u00e8ves sur le temps scolaire, ces repr\u00e9sentations sont ouvertes \u00e0 tous les publics dans la limite des places disponibles.<\/p>\n\n\n\n<h3 class=\"wp-block-heading has-text-color has-link-color wp-elements-31a0b1e55a45c4f521f4967c85d3c624\" style=\"color:#00963d\">11 spectacles sont concern\u00e9s (ouverture de la billetterie 1 mois avant) :<\/h3>\n\n\n\n<p><em><a href=\"https:\/\/www.halleauxgrains.com\/site\/spectacles\/mon-petit-coeur-imbecile\/\" target=\"_blank\" rel=\"noreferrer noopener\">Mon petit c\u0153ur imb\u00e9cile<\/a><\/em> \/ <em><a href=\"https:\/\/www.halleauxgrains.com\/site\/spectacles\/bolero\/\" target=\"_blank\" rel=\"noreferrer noopener\">Bol\u00e9ro<\/a><\/em> \/ <em><a href=\"https:\/\/www.halleauxgrains.com\/site\/spectacles\/sous-letoile\/\" target=\"_blank\" rel=\"noreferrer noopener\">Sous l\u2019\u00e9toile<\/a><\/em> \/ <em><a href=\"https:\/\/www.halleauxgrains.com\/site\/spectacles\/big-bang-oratorio\/\" target=\"_blank\" rel=\"noreferrer noopener\">Big Bang Oratorio<\/a><\/em> \/ <em><a href=\"https:\/\/www.halleauxgrains.com\/site\/spectacles\/alerte-blaireau-degats\/\" target=\"_blank\" rel=\"noreferrer noopener\">Alerte blaireau d\u00e9g\u00e2ts<\/a><\/em> \/ <em><a href=\"https:\/\/www.halleauxgrains.com\/site\/spectacles\/manger-un-phoque\/\" target=\"_blank\" rel=\"noreferrer noopener\">Manger un phoque<\/a><\/em> \/ <em><a href=\"https:\/\/www.halleauxgrains.com\/site\/spectacles\/la-voix-de-ma-grand-mere\/\" target=\"_blank\" rel=\"noreferrer noopener\">La Voix de ma grand-m\u00e8re<\/a><\/em> \/ <em><a href=\"https:\/\/www.halleauxgrains.com\/site\/spectacles\/quil-fait-beau-cela-vous-suffit\/\" target=\"_blank\" rel=\"noreferrer noopener\">\u201cQu\u2019il fait beau cela vous suffit\u201d<\/a><\/em> \/ <em><a href=\"https:\/\/www.halleauxgrains.com\/site\/spectacles\/brioches-et-revolution\/\" target=\"_blank\" rel=\"noreferrer noopener\">Brioches et r\u00e9volution !<\/a><\/em> \/ <em><a href=\"https:\/\/www.halleauxgrains.com\/site\/spectacles\/trois-plumes\/\" target=\"_blank\" rel=\"noreferrer noopener\">Trois plumes<\/a><\/em> \/ <em><a href=\"https:\/\/www.halleauxgrains.com\/site\/spectacles\/tendre-carcasse\/\" target=\"_blank\" rel=\"noreferrer noopener\">Tendre carcasse<\/a><\/em><\/p>\n\n\n\n<h3 class=\"wp-block-heading\">Avantages tarifaires :<\/h3>\n\n\n\n<p>Pour les b\u00e9n\u00e9ficiaires de l\u2019AAH, minima sociaux : tarif solidaire \u00e0 5\u20ac.<\/p>\n","protected":false},"excerpt":{"rendered":"<p>La Sc\u00e8ne nationale est tr\u00e8s attentive \u00e0 l\u2019accueil des personnes en situation de handicap sensoriel, psychique ou moteur. Nous mettons tout en \u0153uvre pour faciliter leur venue et la rencontre avec le spectacle vivant.Nous mettons tout en \u0153uvre pour faciliter votre venue et la rencontre avec le spectacle vivant. En partenariat avec &gt;ACCE\u0300S CULTURE, certains &hellip; <a href=\"https:\/\/www.halleauxgrains.com\/site\/accessibilite\/\" class=\"more-link\">Continue reading <span class=\"screen-reader-text\">ACCESSIBILIT\u00c9<\/span><\/a><\/p>\n","protected":false},"author":2,"featured_media":0,"parent":0,"menu_order":8,"comment_status":"closed","ping_status":"closed","template":"","meta":{"footnotes":""},"acf":[],"yoast_head":"<!-- This site is optimized with the Yoast SEO plugin v21.6 - https:\/\/yoast.com\/wordpress\/plugins\/seo\/ -->\n<title>ACCESSIBILIT\u00c9 - Halle aux grains | Sc\u00e8ne nationale de Blois<\/title>\n<meta name=\"robots\" content=\"index, follow, max-snippet:-1, max-image-preview:large, max-video-preview:-1\" \/>\n<link rel=\"canonical\" href=\"https:\/\/www.halleauxgrains.com\/site\/accessibilite\/\" \/>\n<meta property=\"og:locale\" content=\"fr_FR\" \/>\n<meta property=\"og:type\" content=\"article\" \/>\n<meta property=\"og:title\" content=\"ACCESSIBILIT\u00c9 - Halle aux grains | Sc\u00e8ne nationale de Blois\" \/>\n<meta property=\"og:description\" content=\"La Sc\u00e8ne nationale est tr\u00e8s attentive \u00e0 l\u2019accueil des personnes en situation de handicap sensoriel, psychique ou moteur. Nous mettons tout en \u0153uvre pour faciliter leur venue et la rencontre avec le spectacle vivant.Nous mettons tout en \u0153uvre pour faciliter votre venue et la rencontre avec le spectacle vivant. En partenariat avec &gt;ACCE\u0300S CULTURE, certains &hellip; Continue reading ACCESSIBILIT\u00c9\" \/>\n<meta property=\"og:url\" content=\"https:\/\/www.halleauxgrains.com\/site\/accessibilite\/\" \/>\n<meta property=\"og:site_name\" content=\"Halle aux grains | Sc\u00e8ne nationale de Blois\" \/>\n<meta property=\"article:publisher\" content=\"https:\/\/www.facebook.com\/scenenationaledeblois\" \/>\n<meta property=\"article:modified_time\" content=\"2026-02-18T13:00:57+00:00\" \/>\n<meta property=\"og:image\" content=\"https:\/\/www.halleauxgrains.com\/site\/wp-content\/uploads\/2017\/06\/picto-handicap-visuel.jpg\" \/>\n<meta name=\"twitter:card\" content=\"summary_large_image\" \/>\n<meta name=\"twitter:label1\" content=\"Dur\u00e9e de lecture estim\u00e9e\" \/>\n\t<meta name=\"twitter:data1\" content=\"5 minutes\" \/>\n<script type=\"application\/ld+json\" class=\"yoast-schema-graph\">{\"@context\":\"https:\/\/schema.org\",\"@graph\":[{\"@type\":\"WebPage\",\"@id\":\"https:\/\/www.halleauxgrains.com\/site\/accessibilite\/\",\"url\":\"https:\/\/www.halleauxgrains.com\/site\/accessibilite\/\",\"name\":\"ACCESSIBILIT\u00c9 - Halle aux grains | Sc\u00e8ne nationale de Blois\",\"isPartOf\":{\"@id\":\"https:\/\/www.halleauxgrains.com\/site\/#website\"},\"datePublished\":\"2018-06-21T10:00:31+00:00\",\"dateModified\":\"2026-02-18T13:00:57+00:00\",\"breadcrumb\":{\"@id\":\"https:\/\/www.halleauxgrains.com\/site\/accessibilite\/#breadcrumb\"},\"inLanguage\":\"fr-FR\",\"potentialAction\":[{\"@type\":\"ReadAction\",\"target\":[\"https:\/\/www.halleauxgrains.com\/site\/accessibilite\/\"]}]},{\"@type\":\"BreadcrumbList\",\"@id\":\"https:\/\/www.halleauxgrains.com\/site\/accessibilite\/#breadcrumb\",\"itemListElement\":[{\"@type\":\"ListItem\",\"position\":1,\"name\":\"Accueil\",\"item\":\"https:\/\/www.halleauxgrains.com\/site\/\"},{\"@type\":\"ListItem\",\"position\":2,\"name\":\"ACCESSIBILIT\u00c9\"}]},{\"@type\":\"WebSite\",\"@id\":\"https:\/\/www.halleauxgrains.com\/site\/#website\",\"url\":\"https:\/\/www.halleauxgrains.com\/site\/\",\"name\":\"Halle aux grains | Sc\u00e8ne nationale de Blois\",\"description\":\"\",\"publisher\":{\"@id\":\"https:\/\/www.halleauxgrains.com\/site\/#organization\"},\"potentialAction\":[{\"@type\":\"SearchAction\",\"target\":{\"@type\":\"EntryPoint\",\"urlTemplate\":\"https:\/\/www.halleauxgrains.com\/site\/?s={search_term_string}\"},\"query-input\":\"required name=search_term_string\"}],\"inLanguage\":\"fr-FR\"},{\"@type\":\"Organization\",\"@id\":\"https:\/\/www.halleauxgrains.com\/site\/#organization\",\"name\":\"Halle aux grains | Sc\u00e8ne nationale de Blois\",\"url\":\"https:\/\/www.halleauxgrains.com\/site\/\",\"logo\":{\"@type\":\"ImageObject\",\"inLanguage\":\"fr-FR\",\"@id\":\"https:\/\/www.halleauxgrains.com\/site\/#\/schema\/logo\/image\/\",\"url\":\"https:\/\/www.halleauxgrains.com\/site\/wp-content\/uploads\/2025\/05\/VisuelSiteAccueil.jpg\",\"contentUrl\":\"https:\/\/www.halleauxgrains.com\/site\/wp-content\/uploads\/2025\/05\/VisuelSiteAccueil.jpg\",\"width\":775,\"height\":775,\"caption\":\"Halle aux grains | Sc\u00e8ne nationale de Blois\"},\"image\":{\"@id\":\"https:\/\/www.halleauxgrains.com\/site\/#\/schema\/logo\/image\/\"},\"sameAs\":[\"https:\/\/www.facebook.com\/scenenationaledeblois\",\"https:\/\/www.instagram.com\/lahagscenenationaledeblois\",\"https:\/\/www.linkedin.com\/company\/la-halle-aux-grains-scene-nationale-de-blois\/\"]}]}<\/script>\n<!-- \/ Yoast SEO plugin. -->","yoast_head_json":{"title":"ACCESSIBILIT\u00c9 - Halle aux grains | Sc\u00e8ne nationale de Blois","robots":{"index":"index","follow":"follow","max-snippet":"max-snippet:-1","max-image-preview":"max-image-preview:large","max-video-preview":"max-video-preview:-1"},"canonical":"https:\/\/www.halleauxgrains.com\/site\/accessibilite\/","og_locale":"fr_FR","og_type":"article","og_title":"ACCESSIBILIT\u00c9 - Halle aux grains | Sc\u00e8ne nationale de Blois","og_description":"La Sc\u00e8ne nationale est tr\u00e8s attentive \u00e0 l\u2019accueil des personnes en situation de handicap sensoriel, psychique ou moteur. Nous mettons tout en \u0153uvre pour faciliter leur venue et la rencontre avec le spectacle vivant.Nous mettons tout en \u0153uvre pour faciliter votre venue et la rencontre avec le spectacle vivant. En partenariat avec &gt;ACCE\u0300S CULTURE, certains &hellip; Continue reading ACCESSIBILIT\u00c9","og_url":"https:\/\/www.halleauxgrains.com\/site\/accessibilite\/","og_site_name":"Halle aux grains | Sc\u00e8ne nationale de Blois","article_publisher":"https:\/\/www.facebook.com\/scenenationaledeblois","article_modified_time":"2026-02-18T13:00:57+00:00","og_image":[{"url":"https:\/\/www.halleauxgrains.com\/site\/wp-content\/uploads\/2017\/06\/picto-handicap-visuel.jpg"}],"twitter_card":"summary_large_image","twitter_misc":{"Dur\u00e9e de lecture estim\u00e9e":"5 minutes"},"schema":{"@context":"https:\/\/schema.org","@graph":[{"@type":"WebPage","@id":"https:\/\/www.halleauxgrains.com\/site\/accessibilite\/","url":"https:\/\/www.halleauxgrains.com\/site\/accessibilite\/","name":"ACCESSIBILIT\u00c9 - Halle aux grains | Sc\u00e8ne nationale de Blois","isPartOf":{"@id":"https:\/\/www.halleauxgrains.com\/site\/#website"},"datePublished":"2018-06-21T10:00:31+00:00","dateModified":"2026-02-18T13:00:57+00:00","breadcrumb":{"@id":"https:\/\/www.halleauxgrains.com\/site\/accessibilite\/#breadcrumb"},"inLanguage":"fr-FR","potentialAction":[{"@type":"ReadAction","target":["https:\/\/www.halleauxgrains.com\/site\/accessibilite\/"]}]},{"@type":"BreadcrumbList","@id":"https:\/\/www.halleauxgrains.com\/site\/accessibilite\/#breadcrumb","itemListElement":[{"@type":"ListItem","position":1,"name":"Accueil","item":"https:\/\/www.halleauxgrains.com\/site\/"},{"@type":"ListItem","position":2,"name":"ACCESSIBILIT\u00c9"}]},{"@type":"WebSite","@id":"https:\/\/www.halleauxgrains.com\/site\/#website","url":"https:\/\/www.halleauxgrains.com\/site\/","name":"Halle aux grains | Sc\u00e8ne nationale de Blois","description":"","publisher":{"@id":"https:\/\/www.halleauxgrains.com\/site\/#organization"},"potentialAction":[{"@type":"SearchAction","target":{"@type":"EntryPoint","urlTemplate":"https:\/\/www.halleauxgrains.com\/site\/?s={search_term_string}"},"query-input":"required name=search_term_string"}],"inLanguage":"fr-FR"},{"@type":"Organization","@id":"https:\/\/www.halleauxgrains.com\/site\/#organization","name":"Halle aux grains | Sc\u00e8ne nationale de Blois","url":"https:\/\/www.halleauxgrains.com\/site\/","logo":{"@type":"ImageObject","inLanguage":"fr-FR","@id":"https:\/\/www.halleauxgrains.com\/site\/#\/schema\/logo\/image\/","url":"https:\/\/www.halleauxgrains.com\/site\/wp-content\/uploads\/2025\/05\/VisuelSiteAccueil.jpg","contentUrl":"https:\/\/www.halleauxgrains.com\/site\/wp-content\/uploads\/2025\/05\/VisuelSiteAccueil.jpg","width":775,"height":775,"caption":"Halle aux grains | Sc\u00e8ne nationale de Blois"},"image":{"@id":"https:\/\/www.halleauxgrains.com\/site\/#\/schema\/logo\/image\/"},"sameAs":["https:\/\/www.facebook.com\/scenenationaledeblois","https:\/\/www.instagram.com\/lahagscenenationaledeblois","https:\/\/www.linkedin.com\/company\/la-halle-aux-grains-scene-nationale-de-blois\/"]}]}},"publishpress_future_action":{"enabled":false,"date":"1970-01-01 01:00:00","action":"","terms":[],"taxonomy":"","browser_timezone_offset":0},"_links":{"self":[{"href":"https:\/\/www.halleauxgrains.com\/site\/wp-json\/wp\/v2\/pages\/2211"}],"collection":[{"href":"https:\/\/www.halleauxgrains.com\/site\/wp-json\/wp\/v2\/pages"}],"about":[{"href":"https:\/\/www.halleauxgrains.com\/site\/wp-json\/wp\/v2\/types\/page"}],"author":[{"embeddable":true,"href":"https:\/\/www.halleauxgrains.com\/site\/wp-json\/wp\/v2\/users\/2"}],"replies":[{"embeddable":true,"href":"https:\/\/www.halleauxgrains.com\/site\/wp-json\/wp\/v2\/comments?post=2211"}],"version-history":[{"count":122,"href":"https:\/\/www.halleauxgrains.com\/site\/wp-json\/wp\/v2\/pages\/2211\/revisions"}],"predecessor-version":[{"id":8232,"href":"https:\/\/www.halleauxgrains.com\/site\/wp-json\/wp\/v2\/pages\/2211\/revisions\/8232"}],"wp:attachment":[{"href":"https:\/\/www.halleauxgrains.com\/site\/wp-json\/wp\/v2\/media?parent=2211"}],"curies":[{"name":"wp","href":"https:\/\/api.w.org\/{rel}","templated":true}]}}