{"version":"1.0","provider_name":"Halle aux grains | Sc\u00e8ne nationale de Blois","provider_url":"https:\/\/www.halleauxgrains.com\/site","author_name":"emeline","author_url":"https:\/\/www.halleauxgrains.com\/site\/author\/emeline\/","title":"RENCONTRE ET D\u00c9DICACE AVEC CLAIRE P\u00c9TREAULT - Halle aux grains | Sc\u00e8ne nationale de Blois","type":"rich","width":600,"height":338,"html":"<blockquote class=\"wp-embedded-content\" data-secret=\"0MebOafzwm\"><a href=\"https:\/\/www.halleauxgrains.com\/site\/spectacles\/rencontre-vivre-pour-etre-vivants\/\">RENCONTRE ET D\u00c9DICACE AVEC CLAIRE P\u00c9TREAULT<\/a><\/blockquote><iframe sandbox=\"allow-scripts\" security=\"restricted\" src=\"https:\/\/www.halleauxgrains.com\/site\/spectacles\/rencontre-vivre-pour-etre-vivants\/embed\/#?secret=0MebOafzwm\" width=\"600\" height=\"338\" title=\"\u00ab\u00a0RENCONTRE ET D\u00c9DICACE AVEC CLAIRE P\u00c9TREAULT\u00a0\u00bb &#8212; Halle aux grains | Sc\u00e8ne nationale de Blois\" data-secret=\"0MebOafzwm\" frameborder=\"0\" marginwidth=\"0\" marginheight=\"0\" scrolling=\"no\" class=\"wp-embedded-content\"><\/iframe><script type=\"text\/javascript\">\n\/* <![CDATA[ *\/\n\/*! This file is auto-generated *\/\n!function(d,l){\"use strict\";l.querySelector&&d.addEventListener&&\"undefined\"!=typeof URL&&(d.wp=d.wp||{},d.wp.receiveEmbedMessage||(d.wp.receiveEmbedMessage=function(e){var t=e.data;if((t||t.secret||t.message||t.value)&&!\/[^a-zA-Z0-9]\/.test(t.secret)){for(var s,r,n,a=l.querySelectorAll('iframe[data-secret=\"'+t.secret+'\"]'),o=l.querySelectorAll('blockquote[data-secret=\"'+t.secret+'\"]'),c=new RegExp(\"^https?:$\",\"i\"),i=0;i<o.length;i++)o[i].style.display=\"none\";for(i=0;i<a.length;i++)s=a[i],e.source===s.contentWindow&&(s.removeAttribute(\"style\"),\"height\"===t.message?(1e3<(r=parseInt(t.value,10))?r=1e3:~~r<200&&(r=200),s.height=r):\"link\"===t.message&&(r=new URL(s.getAttribute(\"src\")),n=new URL(t.value),c.test(n.protocol))&&n.host===r.host&&l.activeElement===s&&(d.top.location.href=t.value))}},d.addEventListener(\"message\",d.wp.receiveEmbedMessage,!1),l.addEventListener(\"DOMContentLoaded\",function(){for(var e,t,s=l.querySelectorAll(\"iframe.wp-embedded-content\"),r=0;r<s.length;r++)(t=(e=s[r]).getAttribute(\"data-secret\"))||(t=Math.random().toString(36).substring(2,12),e.src+=\"#?secret=\"+t,e.setAttribute(\"data-secret\",t)),e.contentWindow.postMessage({message:\"ready\",secret:t},\"*\")},!1)))}(window,document);\n\/* ]]> *\/\n<\/script>\n","thumbnail_url":"https:\/\/www.halleauxgrains.com\/site\/wp-content\/uploads\/2025\/12\/VisuelSpect-RencontreDedicaceClairePetreault_ClaireJaillard.jpg","thumbnail_width":1400,"thumbnail_height":737,"description":"Soir\u00e9e co-programm\u00e9e avec l\u2019ETIC \u00ab\u00a0Vivre pour \u00eatre vivants\u00a0\u00bb Avec une sensibilit\u00e9 qui invite \u00e0 se connecter \u00e0 soi, Claire P\u00e9treault incarne avec \u00e9nergie cette g\u00e9n\u00e9ration touch\u00e9e par les enjeux sociaux et environnementaux. Plus qu\u2019une tribune, sa conf\u00e9rence est un cri du c\u0153ur, un appel \u00e0 l\u2019amour du vivant et \u00e0 la mise en mouvement pour &hellip; Continue reading"}