{"version":"1.0","provider_name":"Halle aux grains | Sc\u00e8ne nationale de Blois","provider_url":"https:\/\/www.halleauxgrains.com\/site","author_name":"emeline","author_url":"https:\/\/www.halleauxgrains.com\/site\/author\/emeline\/","title":"\u00c0 MOTS DOUX - Halle aux grains | Sc\u00e8ne nationale de Blois","type":"rich","width":600,"height":338,"html":"<blockquote class=\"wp-embedded-content\" data-secret=\"qMezjNfo8m\"><a href=\"https:\/\/www.halleauxgrains.com\/site\/spectacles\/a-mots-doux\/\">\u00c0 MOTS DOUX<\/a><\/blockquote><iframe sandbox=\"allow-scripts\" security=\"restricted\" src=\"https:\/\/www.halleauxgrains.com\/site\/spectacles\/a-mots-doux\/embed\/#?secret=qMezjNfo8m\" width=\"600\" height=\"338\" title=\"\u00ab\u00a0\u00c0 MOTS DOUX\u00a0\u00bb &#8212; Halle aux grains | Sc\u00e8ne nationale de Blois\" data-secret=\"qMezjNfo8m\" frameborder=\"0\" marginwidth=\"0\" marginheight=\"0\" scrolling=\"no\" class=\"wp-embedded-content\"><\/iframe><script type=\"text\/javascript\">\n\/* <![CDATA[ *\/\n\/*! This file is auto-generated *\/\n!function(d,l){\"use strict\";l.querySelector&&d.addEventListener&&\"undefined\"!=typeof URL&&(d.wp=d.wp||{},d.wp.receiveEmbedMessage||(d.wp.receiveEmbedMessage=function(e){var t=e.data;if((t||t.secret||t.message||t.value)&&!\/[^a-zA-Z0-9]\/.test(t.secret)){for(var s,r,n,a=l.querySelectorAll('iframe[data-secret=\"'+t.secret+'\"]'),o=l.querySelectorAll('blockquote[data-secret=\"'+t.secret+'\"]'),c=new RegExp(\"^https?:$\",\"i\"),i=0;i<o.length;i++)o[i].style.display=\"none\";for(i=0;i<a.length;i++)s=a[i],e.source===s.contentWindow&&(s.removeAttribute(\"style\"),\"height\"===t.message?(1e3<(r=parseInt(t.value,10))?r=1e3:~~r<200&&(r=200),s.height=r):\"link\"===t.message&&(r=new URL(s.getAttribute(\"src\")),n=new URL(t.value),c.test(n.protocol))&&n.host===r.host&&l.activeElement===s&&(d.top.location.href=t.value))}},d.addEventListener(\"message\",d.wp.receiveEmbedMessage,!1),l.addEventListener(\"DOMContentLoaded\",function(){for(var e,t,s=l.querySelectorAll(\"iframe.wp-embedded-content\"),r=0;r<s.length;r++)(t=(e=s[r]).getAttribute(\"data-secret\"))||(t=Math.random().toString(36).substring(2,12),e.src+=\"#?secret=\"+t,e.setAttribute(\"data-secret\",t)),e.contentWindow.postMessage({message:\"ready\",secret:t},\"*\")},!1)))}(window,document);\n\/* ]]> *\/\n<\/script>\n","thumbnail_url":"https:\/\/www.halleauxgrains.com\/site\/wp-content\/uploads\/2025\/05\/VisuelSpect-AMotsDoux_PascaleCholette.jpg","thumbnail_width":1400,"thumbnail_height":737,"description":"UNE COM\u00c9DIE CHANT\u00c9E AUTOUR DE LA FIGURE R\u00caV\u00c9E DE MYL\u00c8NE FARMER POUR UN PUBLIC R\u00c9-ENCHANT\u00c9 ! Sylvain, un petit gar\u00e7on de dix ans, entend en 1987, Sans contrefa\u00e7on et se dit que lui aussi, sans contrefa\u00e7on, il peut \u00eatre une fille. Un espace de libert\u00e9 s\u2019ouvre alors pour lui. Il s\u2019accroche \u00e0 la figure de &hellip; Continue reading"}